{"id":34,"date":"2022-08-05T12:59:37","date_gmt":"2022-08-05T10:59:37","guid":{"rendered":"https:\/\/www.blcmo.fr\/?page_id=34"},"modified":"2025-11-05T08:45:52","modified_gmt":"2025-11-05T07:45:52","slug":"a-propos-maitrise-oeuvre","status":"publish","type":"page","link":"https:\/\/www.blcmo.fr\/a-propos-maitrise-oeuvre\/","title":{"rendered":"\u00c0 propos"},"content":{"rendered":"<p>[et_pb_section fb_built=\u00a0\u00bb1&Prime; _builder_version=\u00a0\u00bb4.18.1&Prime; _module_preset=\u00a0\u00bbdefault\u00a0\u00bb background_image=\u00a0\u00bbhttps:\/\/www.blcmo.fr\/storage\/2022\/11\/slide-blc-maitrise-oeuvre.jpg\u00a0\u00bb min_height=\u00a0\u00bb813px\u00a0\u00bb min_height_tablet=\u00a0\u00bb455px\u00a0\u00bb min_height_phone=\u00a0\u00bb350px\u00a0\u00bb min_height_last_edited=\u00a0\u00bbon|phone\u00a0\u00bb global_colors_info=\u00a0\u00bb{}\u00a0\u00bb][et_pb_row module_class=\u00a0\u00bbblur bottom bottom_propos\u00a0\u00bb _builder_version=\u00a0\u00bb4.18.0&Prime; _module_preset=\u00a0\u00bbdefault\u00a0\u00bb width=\u00a0\u00bb630px\u00a0\u00bb width_tablet=\u00a0\u00bb630px\u00a0\u00bb width_phone=\u00a0\u00bb400px\u00a0\u00bb width_last_edited=\u00a0\u00bbon|phone\u00a0\u00bb max_width=\u00a0\u00bb2560px\u00a0\u00bb module_alignment=\u00a0\u00bbcenter\u00a0\u00bb custom_padding=\u00a0\u00bb||0px||false|false\u00a0\u00bb global_colors_info=\u00a0\u00bb{}\u00a0\u00bb][et_pb_column type=\u00a0\u00bb4_4&Prime; _builder_version=\u00a0\u00bb4.17.6&Prime; _module_preset=\u00a0\u00bbdefault\u00a0\u00bb global_colors_info=\u00a0\u00bb{}\u00a0\u00bb][et_pb_text _builder_version=\u00a0\u00bb4.18.0&Prime; _module_preset=\u00a0\u00bbdefault\u00a0\u00bb header_font=\u00a0\u00bb|600||on|||||\u00a0\u00bb header_text_align=\u00a0\u00bbcenter\u00a0\u00bb header_text_color=\u00a0\u00bb#FFFFFF\u00a0\u00bb custom_margin_tablet=\u00a0\u00bb||10px||false|false\u00a0\u00bb custom_margin_phone=\u00a0\u00bb||10px||false|false\u00a0\u00bb custom_margin_last_edited=\u00a0\u00bbon|tablet\u00a0\u00bb global_colors_info=\u00a0\u00bb{}\u00a0\u00bb]<\/p>\n<h1>A propos de BLC Ma\u00eetrise d&rsquo;oeuvre<\/h1>\n<p>[\/et_pb_text][et_pb_button button_url=\u00a0\u00bb@ET-DC@eyJkeW5hbWljIjp0cnVlLCJjb250ZW50IjoicG9zdF9saW5rX3VybF9wYWdlIiwic2V0dGluZ3MiOnsicG9zdF9pZCI6IjQ2In19@\u00a0\u00bb button_text=\u00a0\u00bbDes bureaux \u00e0 Challans et sur l\u2019Ile de Noirmoutier\u00a0\u00bb button_alignment=\u00a0\u00bbcenter\u00a0\u00bb admin_label=\u00a0\u00bbDes bureaux \u00e0 Challans et sur l\u2019Ile de Noirmoutier\u00a0\u00bb _builder_version=\u00a0\u00bb4.18.0&Prime; _dynamic_attributes=\u00a0\u00bbbutton_url\u00a0\u00bb _module_preset=\u00a0\u00bbdefault\u00a0\u00bb custom_button=\u00a0\u00bbon\u00a0\u00bb button_text_size=\u00a0\u00bb18px\u00a0\u00bb button_text_color=\u00a0\u00bb#FFFFFF\u00a0\u00bb button_bg_color=\u00a0\u00bb#EB681E\u00a0\u00bb button_border_width=\u00a0\u00bb1px\u00a0\u00bb button_border_color=\u00a0\u00bb#EB681E\u00a0\u00bb button_border_radius=\u00a0\u00bb0px\u00a0\u00bb button_font=\u00a0\u00bbPoppins||||||||\u00a0\u00bb button_use_icon=\u00a0\u00bboff\u00a0\u00bb global_colors_info=\u00a0\u00bb{}\u00a0\u00bb button_text_color__hover=\u00a0\u00bb#EB681E\u00a0\u00bb button_text_color__hover_enabled=\u00a0\u00bbon|hover\u00a0\u00bb button_bg_color__hover=\u00a0\u00bb#FFFFFF\u00a0\u00bb button_bg_color__hover_enabled=\u00a0\u00bbon|hover\u00a0\u00bb button_bg_enable_color__hover=\u00a0\u00bbon\u00a0\u00bb][\/et_pb_button][\/et_pb_column][\/et_pb_row][\/et_pb_section][et_pb_section fb_built=\u00a0\u00bb1&Prime; admin_label=\u00a0\u00bbsection\u00a0\u00bb _builder_version=\u00a0\u00bb4.16&Prime; global_colors_info=\u00a0\u00bb{}\u00a0\u00bb][et_pb_row admin_label=\u00a0\u00bbrow\u00a0\u00bb module_class=\u00a0\u00bbpuces\u00a0\u00bb _builder_version=\u00a0\u00bb4.18.0&Prime; background_size=\u00a0\u00bbinitial\u00a0\u00bb background_position=\u00a0\u00bbtop_left\u00a0\u00bb background_repeat=\u00a0\u00bbrepeat\u00a0\u00bb global_colors_info=\u00a0\u00bb{}\u00a0\u00bb][et_pb_column type=\u00a0\u00bb4_4&Prime; _builder_version=\u00a0\u00bb4.16&Prime; custom_padding=\u00a0\u00bb|||\u00a0\u00bb global_colors_info=\u00a0\u00bb{}\u00a0\u00bb custom_padding__hover=\u00a0\u00bb|||\u00a0\u00bb][et_pb_text admin_label=\u00a0\u00bbBLC, votre ma\u00eetre d&rsquo;\u0153uvre en Vend\u00e9e\u00a0\u00bb module_class=\u00a0\u00bbsquare square_title\u00a0\u00bb _builder_version=\u00a0\u00bb4.18.0&Prime; header_font=\u00a0\u00bbPoppins|700|||||||\u00a0\u00bb header_text_color=\u00a0\u00bb#141215&Prime; header_font_size=\u00a0\u00bb39px\u00a0\u00bb header_2_font=\u00a0\u00bbPoppins|600|||||||\u00a0\u00bb header_2_text_color=\u00a0\u00bb#141215&Prime; header_2_font_size=\u00a0\u00bb39px\u00a0\u00bb background_size=\u00a0\u00bbinitial\u00a0\u00bb background_position=\u00a0\u00bbtop_left\u00a0\u00bb background_repeat=\u00a0\u00bbrepeat\u00a0\u00bb text_orientation=\u00a0\u00bbcenter\u00a0\u00bb custom_padding=\u00a0\u00bb||||false|false\u00a0\u00bb header_font_size_tablet=\u00a0\u00bb30px\u00a0\u00bb header_font_size_phone=\u00a0\u00bb25px\u00a0\u00bb header_font_size_last_edited=\u00a0\u00bbon|phone\u00a0\u00bb header_2_font_size_tablet=\u00a0\u00bb30px\u00a0\u00bb header_2_font_size_phone=\u00a0\u00bb25px\u00a0\u00bb header_2_font_size_last_edited=\u00a0\u00bbon|desktop\u00a0\u00bb global_colors_info=\u00a0\u00bb{}\u00a0\u00bb]<\/p>\n<h2><span class=\"orange\">BLC Ma\u00eetrise d\u2019\u0153uvre<\/span>, chef d\u2019orchestre<br \/>\nde votre projet immobilier<\/h2>\n<p>[\/et_pb_text][et_pb_text _builder_version=\u00a0\u00bb4.27.4&Prime; _module_preset=\u00a0\u00bbdefault\u00a0\u00bb global_colors_info=\u00a0\u00bb{}\u00a0\u00bb]<\/p>\n<p>\u200bVous souhaitez faire construire, r\u00e9nover, r\u00e9habiliter ou encore modifier l\u2019am\u00e9nagement int\u00e9rieur de votre habitation ? Situ\u00e9e \u00e0 Challans et sur l\u2019\u00eele de Noirmoutier en Vend\u00e9e, <strong>BLC Ma\u00eetrise d\u2019\u0153uvre<\/strong> vous accompagne tout au long de votre projet immobilier, de l\u2019id\u00e9e jusqu\u2019\u00e0 la remise des cl\u00e9s.<\/p>\n<p><b><span data-olk-copy-source=\"MessageBody\">Notre zone d\u2019action<\/span><\/b>\u00a0s\u2019\u00e9tend sur l\u2019ensemble du\u00a0<b>Nord-Ouest des Pays de la Loire<\/b>. De\u00a0<b>Nantes<\/b>\u00a0aux\u00a0<b>Sables-d\u2019Olonne<\/b>, en passant par les\u00a0<b>Pays de Retz<\/b>\u00a0et jusqu\u2019aux\u00a0<b>\u00eeles de Noirmoutier et d\u2019Yeu<\/b>, nous accompagnons nos clients dans des contextes vari\u00e9s : littoraux, urbains ou ruraux. Pr\u00e9sents\u00a0<b>chaque semaine sur le terrain<\/b>, nous cultivons une approche de proximit\u00e9 et une connaissance fine du territoire, essentielle \u00e0 la r\u00e9ussite de chaque projet.<\/p>\n<p>Mettre en oeuvre des travaux de construction ou de r\u00e9novation est une entreprise qui, mal men\u00e9e, peut s\u2019av\u00e9rer laborieuse et aboutir \u00e0 un r\u00e9sultat d\u00e9cevant. On manque parfois de temps, on ne dispose pas des connaissances et des comp\u00e9tences n\u00e9cessaires \u00e0 la conduite des travaux et tr\u00e8s vite des questions se posent :<\/p>\n<p>[\/et_pb_text][et_pb_text _builder_version=\u00a0\u00bb4.27.4&Prime; _module_preset=\u00a0\u00bbdefault\u00a0\u00bb global_colors_info=\u00a0\u00bb{}\u00a0\u00bb]<\/p>\n<ul>\n<li><strong>Quelles d\u00e9marches administratives dois-je engager ?<\/strong><\/li>\n<li><strong>Par quoi commencer ?<\/strong><\/li>\n<li><strong>Comment bien choisir les artisans ?<\/strong><\/li>\n<li><strong>Quel est le juste prix ?<\/strong><\/li>\n<li><strong>Combien de temps les travaux vont-ils durer ?<\/strong><\/li>\n<\/ul>\n<p>[\/et_pb_text][et_pb_text _builder_version=\u00a0\u00bb4.18.0&Prime; _module_preset=\u00a0\u00bbdefault\u00a0\u00bb global_colors_info=\u00a0\u00bb{}\u00a0\u00bb]<\/p>\n<p>C\u2019est pourquoi chez <strong>BLC Ma\u00eetrise d\u2019\u0153uvre<\/strong>, notre objectif est simple : concr\u00e9tiser vos envies tout en vous simplifiant la vie.<\/p>\n<p>Notre mission de ma\u00eetrise d\u2019\u0153uvre consiste avant tout \u00e0 vous guider dans toutes les \u00e9tapes de votre projet. En tant que professionnel de la construction, nous prenons en charge la partie administrative de votre dossier et veillons au bon d\u00e9roulement des op\u00e9rations.<\/p>\n<p>Le travail du Ma\u00eetre d\u2019\u0153uvre d\u00e9bute par un premier \u00e9change au cours duquel nous prenons connaissance du projet. Ce rendez-vous est primordial car il nous permet de cerner vos attentes, de d\u00e9finir vos besoins et de vous apporter des conseils personnalis\u00e9s.<\/p>\n<p>Par la suite, nous vous assistons \u00e0 travers 4 grandes \u00e9tapes :<\/p>\n<p>[\/et_pb_text][\/et_pb_column][\/et_pb_row][et_pb_row module_class=\u00a0\u00bbnombres puces\u00a0\u00bb _builder_version=\u00a0\u00bb4.18.0&Prime; _module_preset=\u00a0\u00bbdefault\u00a0\u00bb custom_padding=\u00a0\u00bb50px||||false|false\u00a0\u00bb locked=\u00a0\u00bboff\u00a0\u00bb global_colors_info=\u00a0\u00bb{}\u00a0\u00bb][et_pb_column type=\u00a0\u00bb4_4&Prime; _builder_version=\u00a0\u00bb4.17.1&Prime; _module_preset=\u00a0\u00bbdefault\u00a0\u00bb global_colors_info=\u00a0\u00bb{}\u00a0\u00bb][et_pb_blurb title=\u00a0\u00bbConception de projet\u00a0\u00bb image=\u00a0\u00bbhttps:\/\/www.blcmo.fr\/storage\/2022\/09\/nombre_un-1.svg\u00a0\u00bb icon_placement=\u00a0\u00bbleft\u00a0\u00bb image_icon_width=\u00a0\u00bb100px\u00a0\u00bb content_max_width=\u00a0\u00bb1000px\u00a0\u00bb image_icon_width_tablet=\u00a0\u00bb90px\u00a0\u00bb image_icon_width_phone=\u00a0\u00bb65px\u00a0\u00bb image_icon_width_last_edited=\u00a0\u00bbon|phone\u00a0\u00bb admin_label=\u00a0\u00bbConception de projet\u00a0\u00bb module_class=\u00a0\u00bbnombre_un title-square\u00a0\u00bb _builder_version=\u00a0\u00bb4.18.0&Prime; _module_preset=\u00a0\u00bbdefault\u00a0\u00bb header_font_size=\u00a0\u00bb50px\u00a0\u00bb body_font=\u00a0\u00bbPoppins|300|||||||\u00a0\u00bb body_text_color=\u00a0\u00bb#1D1D1D\u00a0\u00bb body_link_text_color=\u00a0\u00bb#974F03&Prime; body_ul_font=\u00a0\u00bbPoppins|500|||||||\u00a0\u00bb body_ul_text_color=\u00a0\u00bb#141215&Prime; module_alignment=\u00a0\u00bbcenter\u00a0\u00bb custom_margin=\u00a0\u00bb||7%||false|false\u00a0\u00bb custom_margin_tablet=\u00a0\u00bb||7%||false|false\u00a0\u00bb custom_margin_phone=\u00a0\u00bb||15%||false|false\u00a0\u00bb custom_margin_last_edited=\u00a0\u00bbon|phone\u00a0\u00bb custom_padding=\u00a0\u00bb||||false|false\u00a0\u00bb header_font_size_tablet=\u00a0\u00bb30px\u00a0\u00bb header_font_size_phone=\u00a0\u00bb26px\u00a0\u00bb header_font_size_last_edited=\u00a0\u00bbon|phone\u00a0\u00bb global_colors_info=\u00a0\u00bb{}\u00a0\u00bb]<\/p>\n<p>Nous \u00e9laborons les plans \u00e0 partir de votre terrain ou du logement \u00e0 r\u00e9nover. Pour cela, nous prenons en compte votre budget, vos go\u00fbts, vos habitudes de vie ainsi que les \u00e9ventuelles contraintes techniques.<\/p>\n<p>[\/et_pb_blurb][et_pb_blurb title=\u00a0\u00bbMontage de dossier et d\u00e9p\u00f4t du permis de construire\u00a0\u00bb image=\u00a0\u00bbhttps:\/\/www.blcmo.fr\/storage\/2022\/09\/nombre_deux.svg\u00a0\u00bb icon_placement=\u00a0\u00bbleft\u00a0\u00bb image_icon_width=\u00a0\u00bb100px\u00a0\u00bb content_max_width=\u00a0\u00bb1000px\u00a0\u00bb image_icon_width_tablet=\u00a0\u00bb90px\u00a0\u00bb image_icon_width_phone=\u00a0\u00bb65px\u00a0\u00bb image_icon_width_last_edited=\u00a0\u00bbon|phone\u00a0\u00bb admin_label=\u00a0\u00bbConception de projet\u00a0\u00bb module_class=\u00a0\u00bbnombre_un title-square\u00a0\u00bb _builder_version=\u00a0\u00bb4.18.0&Prime; _module_preset=\u00a0\u00bbdefault\u00a0\u00bb header_font_size=\u00a0\u00bb50px\u00a0\u00bb body_font=\u00a0\u00bbPoppins|300|||||||\u00a0\u00bb body_text_color=\u00a0\u00bb#1D1D1D\u00a0\u00bb body_link_text_color=\u00a0\u00bb#974F03&Prime; body_ul_font=\u00a0\u00bbPoppins|500|||||||\u00a0\u00bb body_ul_text_color=\u00a0\u00bb#141215&Prime; module_alignment=\u00a0\u00bbcenter\u00a0\u00bb custom_margin=\u00a0\u00bb||7%||false|false\u00a0\u00bb custom_margin_tablet=\u00a0\u00bb||7%||false|false\u00a0\u00bb custom_margin_phone=\u00a0\u00bb||15%||false|false\u00a0\u00bb custom_margin_last_edited=\u00a0\u00bbon|phone\u00a0\u00bb custom_padding=\u00a0\u00bb||||false|false\u00a0\u00bb header_font_size_tablet=\u00a0\u00bb30px\u00a0\u00bb header_font_size_phone=\u00a0\u00bb26px\u00a0\u00bb header_font_size_last_edited=\u00a0\u00bbon|phone\u00a0\u00bb global_colors_info=\u00a0\u00bb{}\u00a0\u00bb]<\/p>\n<p>Nous g\u00e9rons la partie administrative et r\u00e9glementaire de votre projet, afin de vous faire gagner du temps et vous assurer une construction conforme \u00e0 la loi. <\/p>\n<p>[\/et_pb_blurb][et_pb_blurb title=\u00a0\u00bb\u00c9conomie de projet\u00a0\u00bb image=\u00a0\u00bbhttps:\/\/www.blcmo.fr\/storage\/2022\/09\/nombre_trois.svg\u00a0\u00bb icon_placement=\u00a0\u00bbleft\u00a0\u00bb image_icon_width=\u00a0\u00bb100px\u00a0\u00bb content_max_width=\u00a0\u00bb1000px\u00a0\u00bb image_icon_width_tablet=\u00a0\u00bb90px\u00a0\u00bb image_icon_width_phone=\u00a0\u00bb65px\u00a0\u00bb image_icon_width_last_edited=\u00a0\u00bbon|phone\u00a0\u00bb admin_label=\u00a0\u00bbConception de projet\u00a0\u00bb module_class=\u00a0\u00bbnombre_un title-square\u00a0\u00bb _builder_version=\u00a0\u00bb4.18.0&Prime; _module_preset=\u00a0\u00bbdefault\u00a0\u00bb header_font_size=\u00a0\u00bb50px\u00a0\u00bb body_font=\u00a0\u00bbPoppins|300|||||||\u00a0\u00bb body_text_color=\u00a0\u00bb#1D1D1D\u00a0\u00bb body_link_text_color=\u00a0\u00bb#974F03&Prime; body_ul_font=\u00a0\u00bbPoppins|500|||||||\u00a0\u00bb body_ul_text_color=\u00a0\u00bb#141215&Prime; module_alignment=\u00a0\u00bbcenter\u00a0\u00bb custom_margin=\u00a0\u00bb||7%||false|false\u00a0\u00bb custom_margin_tablet=\u00a0\u00bb||7%||false|false\u00a0\u00bb custom_margin_phone=\u00a0\u00bb||15%||false|false\u00a0\u00bb custom_margin_last_edited=\u00a0\u00bbon|phone\u00a0\u00bb custom_padding=\u00a0\u00bb||||false|false\u00a0\u00bb header_font_size_tablet=\u00a0\u00bb30px\u00a0\u00bb header_font_size_phone=\u00a0\u00bb26px\u00a0\u00bb header_font_size_last_edited=\u00a0\u00bbon|phone\u00a0\u00bb global_colors_info=\u00a0\u00bb{}\u00a0\u00bb]<\/p>\n<p>Nous trouvons pour vous les artisans les plus comp\u00e9tents et nous assurons de la bonne ex\u00e9cution de leurs prestations.<\/p>\n<p>[\/et_pb_blurb][et_pb_blurb title=\u00a0\u00bbConduite de travaux\u00a0\u00bb image=\u00a0\u00bbhttps:\/\/www.blcmo.fr\/storage\/2022\/09\/nombre_quatre-1.svg\u00a0\u00bb icon_placement=\u00a0\u00bbleft\u00a0\u00bb image_icon_width=\u00a0\u00bb100px\u00a0\u00bb content_max_width=\u00a0\u00bb1000px\u00a0\u00bb image_icon_width_tablet=\u00a0\u00bb90px\u00a0\u00bb image_icon_width_phone=\u00a0\u00bb65px\u00a0\u00bb image_icon_width_last_edited=\u00a0\u00bbon|phone\u00a0\u00bb admin_label=\u00a0\u00bbConception de projet\u00a0\u00bb module_class=\u00a0\u00bbnombre_un title-square\u00a0\u00bb _builder_version=\u00a0\u00bb4.18.0&Prime; _module_preset=\u00a0\u00bbdefault\u00a0\u00bb header_font_size=\u00a0\u00bb50px\u00a0\u00bb body_font=\u00a0\u00bbPoppins|300|||||||\u00a0\u00bb body_text_color=\u00a0\u00bb#1D1D1D\u00a0\u00bb body_link_text_color=\u00a0\u00bb#974F03&Prime; body_ul_font=\u00a0\u00bbPoppins|500|||||||\u00a0\u00bb body_ul_text_color=\u00a0\u00bb#141215&Prime; module_alignment=\u00a0\u00bbcenter\u00a0\u00bb custom_margin=\u00a0\u00bb||7%||false|false\u00a0\u00bb custom_margin_tablet=\u00a0\u00bb||7%||false|false\u00a0\u00bb custom_margin_phone=\u00a0\u00bb||15%||false|false\u00a0\u00bb custom_margin_last_edited=\u00a0\u00bbon|phone\u00a0\u00bb custom_padding=\u00a0\u00bb||||false|false\u00a0\u00bb header_font_size_tablet=\u00a0\u00bb30px\u00a0\u00bb header_font_size_phone=\u00a0\u00bb26px\u00a0\u00bb header_font_size_last_edited=\u00a0\u00bbon|phone\u00a0\u00bb global_colors_info=\u00a0\u00bb{}\u00a0\u00bb]<\/p>\n<p>Nous prenons en charge le suivi du chantier en nous assurant que les co\u00fbts, les d\u00e9lais et les choix techniques fix\u00e9s dans le cahier des charges sont bien respect\u00e9s.<\/p>\n<p>[\/et_pb_blurb][\/et_pb_column][\/et_pb_row][\/et_pb_section][et_pb_section fb_built=\u00a0\u00bb1&Prime; module_class=\u00a0\u00bbligne_noire\u00a0\u00bb _builder_version=\u00a0\u00bb4.18.0&Prime; _module_preset=\u00a0\u00bbdefault\u00a0\u00bb custom_margin=\u00a0\u00bb||||false|false\u00a0\u00bb custom_padding=\u00a0\u00bb0px||0px||true|false\u00a0\u00bb global_module=\u00a0\u00bb320&Prime; saved_tabs=\u00a0\u00bball\u00a0\u00bb global_colors_info=\u00a0\u00bb{}\u00a0\u00bb][et_pb_row _builder_version=\u00a0\u00bb4.17.6&Prime; _module_preset=\u00a0\u00bbdefault\u00a0\u00bb width=\u00a0\u00bb100%\u00a0\u00bb max_width=\u00a0\u00bb2560px\u00a0\u00bb custom_padding=\u00a0\u00bb||0px||false|false\u00a0\u00bb global_colors_info=\u00a0\u00bb{}\u00a0\u00bb][et_pb_column type=\u00a0\u00bb4_4&Prime; _builder_version=\u00a0\u00bb4.17.6&Prime; _module_preset=\u00a0\u00bbdefault\u00a0\u00bb global_colors_info=\u00a0\u00bb{}\u00a0\u00bb][et_pb_image src=\u00a0\u00bbhttps:\/\/www.blcmo.fr\/storage\/2022\/09\/logo-blc.svg\u00a0\u00bb title_text=\u00a0\u00bblogo-blc\u00a0\u00bb align=\u00a0\u00bbcenter\u00a0\u00bb _builder_version=\u00a0\u00bb4.18.0&Prime; _module_preset=\u00a0\u00bbdefault\u00a0\u00bb global_colors_info=\u00a0\u00bb{}\u00a0\u00bb][\/et_pb_image][\/et_pb_column][\/et_pb_row][\/et_pb_section][et_pb_section fb_built=\u00a0\u00bb1&Prime; _builder_version=\u00a0\u00bb4.17.1&Prime; _module_preset=\u00a0\u00bbdefault\u00a0\u00bb global_colors_info=\u00a0\u00bb{}\u00a0\u00bb][et_pb_row admin_label=\u00a0\u00bbrow\u00a0\u00bb module_class=\u00a0\u00bbpuces\u00a0\u00bb _builder_version=\u00a0\u00bb4.18.0&Prime; background_size=\u00a0\u00bbinitial\u00a0\u00bb background_position=\u00a0\u00bbtop_left\u00a0\u00bb background_repeat=\u00a0\u00bbrepeat\u00a0\u00bb global_colors_info=\u00a0\u00bb{}\u00a0\u00bb][et_pb_column type=\u00a0\u00bb4_4&Prime; _builder_version=\u00a0\u00bb4.16&Prime; custom_padding=\u00a0\u00bb|||\u00a0\u00bb global_colors_info=\u00a0\u00bb{}\u00a0\u00bb custom_padding__hover=\u00a0\u00bb|||\u00a0\u00bb][et_pb_text admin_label=\u00a0\u00bbBLC Ma\u00eetrise d\u2019\u0153uvre s\u2019engage \u00e0 vos c\u00f4t\u00e9s\u00a0\u00bb module_class=\u00a0\u00bbsquare square_title\u00a0\u00bb _builder_version=\u00a0\u00bb4.18.0&Prime; header_font=\u00a0\u00bbPoppins|700|||||||\u00a0\u00bb header_text_color=\u00a0\u00bb#141215&Prime; header_font_size=\u00a0\u00bb39px\u00a0\u00bb header_2_font=\u00a0\u00bbPoppins|600|||||||\u00a0\u00bb header_2_text_color=\u00a0\u00bb#141215&Prime; header_2_font_size=\u00a0\u00bb39px\u00a0\u00bb background_size=\u00a0\u00bbinitial\u00a0\u00bb background_position=\u00a0\u00bbtop_left\u00a0\u00bb background_repeat=\u00a0\u00bbrepeat\u00a0\u00bb text_orientation=\u00a0\u00bbcenter\u00a0\u00bb custom_padding=\u00a0\u00bb||||false|false\u00a0\u00bb header_font_size_tablet=\u00a0\u00bb30px\u00a0\u00bb header_font_size_phone=\u00a0\u00bb25px\u00a0\u00bb header_font_size_last_edited=\u00a0\u00bbon|phone\u00a0\u00bb header_2_font_size_tablet=\u00a0\u00bb30px\u00a0\u00bb header_2_font_size_phone=\u00a0\u00bb25px\u00a0\u00bb header_2_font_size_last_edited=\u00a0\u00bbon|desktop\u00a0\u00bb global_colors_info=\u00a0\u00bb{}\u00a0\u00bb]<\/p>\n<h2><span class=\"orange\">BLC Ma\u00eetrise d\u2019\u0153uvre<\/span> s\u2019engage \u00e0 vos c\u00f4t\u00e9s<\/h2>\n<p>[\/et_pb_text][et_pb_text _builder_version=\u00a0\u00bb4.18.0&Prime; _module_preset=\u00a0\u00bbdefault\u00a0\u00bb global_colors_info=\u00a0\u00bb{}\u00a0\u00bb]<\/p>\n<p>BLC Ma\u00eetrise d\u2019Oeuvre met son expertise et sa passion du m\u00e9tier \u00e0 votre service. Faire appel \u00e0 notre \u00e9quipe, c\u2019est la garantie d\u2019un ouvrage de qualit\u00e9, men\u00e9 dans le respect des normes et en toute confiance.<\/p>\n<p>En nous confiant votre projet de r\u00e9novation ou de construction, c\u2019est une partie de vous que vous livrez. Il est donc naturel que vous souhaitiez vous appuyer sur des personnes comp\u00e9tentes, rigoureuses, honn\u00eates et sinc\u00e8res. Des professionnels qui sauront vous comprendre et r\u00e9pondre \u00e0 vos attentes, que vous ayez d\u00e9j\u00e0 une vision pr\u00e9cise de votre projet ou au contraire que vous ayez besoin d\u2019\u00eatre conseill\u00e9. Nous avons \u00e0 coeur de faire passer votre int\u00e9r\u00eat avant tout le reste.<\/p>\n<p>Alors pour vous accompagner et vous conseiller toujours mieux, nous continuons de nous former et de suivre les \u00e9volutions de notre m\u00e9tier. Nous sommes ainsi capables de vous proposer des id\u00e9es innovantes et de r\u00e9pondre \u00e0 vos exigences et vos probl\u00e9matiques par des solutions adapt\u00e9es.<\/p>\n<p>Ce respect du client et du projet immobilier passe aussi par le choix des partenaires. Nous travaillons avec des artisans engag\u00e9s dans une vraie d\u00e9marche qualit\u00e9 et soucieux des besoins de nos clients. Nous privil\u00e9gions \u00e9galement des entreprises locales pour faciliter les \u00e9changes, soutenir le tissu \u00e9conomique et respecter l\u2019environnement.<\/p>\n<p>Car BLC Ma\u00eetrise d\u2019Oeuvre s\u2019engage aussi en faveur de la nature. D\u2019ann\u00e9e en ann\u00e9e, nous d\u00e9ployons des actions destin\u00e9es \u00e0 limiter notre impact \u00e9cologique. Cette prise de conscience passe notamment par :<\/p>\n<p>[\/et_pb_text][et_pb_text _builder_version=\u00a0\u00bb4.18.0&Prime; _module_preset=\u00a0\u00bbdefault\u00a0\u00bb global_colors_info=\u00a0\u00bb{}\u00a0\u00bb]<\/p>\n<ul>\n<li><strong>Le choix de mat\u00e9riaux plus propres<\/strong><\/li>\n<li><strong>L\u2019utilisation de techniques nouvelles<\/strong><\/li>\n<li><strong>La r\u00e9duction des transports (r\u00e9unions \u00e0 distance, t\u00e9l\u00e9travail, trajets courts\u2026)<\/strong><\/li>\n<li><strong>Le recyclage des d\u00e9chets de l\u2019entreprise, etc.<\/strong><\/li>\n<\/ul>\n<p>[\/et_pb_text][et_pb_text _builder_version=\u00a0\u00bb4.18.0&Prime; _module_preset=\u00a0\u00bbdefault\u00a0\u00bb global_colors_info=\u00a0\u00bb{}\u00a0\u00bb]<\/p>\n<p>Par ces valeurs fortes, toute l\u2019\u00e9quipe de BLC Ma\u00eetrise d\u2019Oeuvre s\u2019engage \u00e0 vos c\u00f4t\u00e9s pour que votre projet immobilier se d\u00e9roule dans les meilleures conditions et vous laisse le souvenir d\u2019une belle exp\u00e9rience.<\/p>\n<p>[\/et_pb_text][\/et_pb_column][\/et_pb_row][\/et_pb_section][et_pb_section fb_built=\u00a0\u00bb1&Prime; module_class=\u00a0\u00bbligne_noire\u00a0\u00bb _builder_version=\u00a0\u00bb4.18.0&Prime; _module_preset=\u00a0\u00bbdefault\u00a0\u00bb custom_margin=\u00a0\u00bb||||false|false\u00a0\u00bb custom_padding=\u00a0\u00bb0px||40px||false|false\u00a0\u00bb global_colors_info=\u00a0\u00bb{}\u00a0\u00bb][et_pb_row _builder_version=\u00a0\u00bb4.17.6&Prime; _module_preset=\u00a0\u00bbdefault\u00a0\u00bb width=\u00a0\u00bb100%\u00a0\u00bb max_width=\u00a0\u00bb2560px\u00a0\u00bb custom_padding=\u00a0\u00bb||0px||false|false\u00a0\u00bb global_colors_info=\u00a0\u00bb{}\u00a0\u00bb][et_pb_column type=\u00a0\u00bb4_4&Prime; _builder_version=\u00a0\u00bb4.17.6&Prime; _module_preset=\u00a0\u00bbdefault\u00a0\u00bb global_colors_info=\u00a0\u00bb{}\u00a0\u00bb][et_pb_image src=\u00a0\u00bbhttps:\/\/www.blcmo.fr\/storage\/2022\/09\/logo-blc.svg\u00a0\u00bb title_text=\u00a0\u00bblogo-blc\u00a0\u00bb align=\u00a0\u00bbcenter\u00a0\u00bb _builder_version=\u00a0\u00bb4.18.0&Prime; _module_preset=\u00a0\u00bbdefault\u00a0\u00bb global_colors_info=\u00a0\u00bb{}\u00a0\u00bb][\/et_pb_image][\/et_pb_column][\/et_pb_row][\/et_pb_section]<\/p>\n","protected":false},"excerpt":{"rendered":"<p>A propos de BLC Ma\u00eetrise d&rsquo;oeuvreBLC Ma\u00eetrise d\u2019\u0153uvre, chef d\u2019orchestre de votre projet immobilier\u200bVous souhaitez faire construire, r\u00e9nover, r\u00e9habiliter ou encore modifier l\u2019am\u00e9nagement int\u00e9rieur de votre habitation ? Situ\u00e9e \u00e0 Challans et sur l\u2019\u00eele de Noirmoutier en Vend\u00e9e, BLC Ma\u00eetrise d\u2019\u0153uvre vous accompagne tout au long de votre projet immobilier, de l\u2019id\u00e9e jusqu\u2019\u00e0 la remise [&hellip;]<\/p>\n","protected":false},"author":1,"featured_media":634,"parent":0,"menu_order":2,"comment_status":"closed","ping_status":"closed","template":"","meta":{"_et_pb_use_builder":"on","_et_pb_old_content":"","_et_gb_content_width":"","footnotes":""},"class_list":["post-34","page","type-page","status-publish","has-post-thumbnail","hentry"],"yoast_head":"<!-- This site is optimized with the Yoast SEO plugin v26.7 - https:\/\/yoast.com\/wordpress\/plugins\/seo\/ -->\n<title>Construire, r\u00e9nover et r\u00e9habiliter en Vend\u00e9e |\u00a0BLC Ma\u00eetrise d\u2019\u0153uvre<\/title>\n<meta name=\"description\" content=\"BLC Ma\u00eetrise d\u2019\u0153uvre, chef d\u2019orchestre de votre projet immobilier. Situ\u00e9e \u00e0 Challans et sur l\u2019\u00eele de Noirmoutier en Vend\u00e9e. 02 51 54 09 91\" \/>\n<meta name=\"robots\" content=\"index, follow, max-snippet:-1, max-image-preview:large, max-video-preview:-1\" \/>\n<link rel=\"canonical\" href=\"https:\/\/www.blcmo.fr\/a-propos-maitrise-oeuvre\/\" \/>\n<meta property=\"og:locale\" content=\"fr_FR\" \/>\n<meta property=\"og:type\" content=\"article\" \/>\n<meta property=\"og:title\" content=\"Construire, r\u00e9nover et r\u00e9habiliter en Vend\u00e9e |\u00a0BLC Ma\u00eetrise d\u2019\u0153uvre\" \/>\n<meta property=\"og:description\" content=\"BLC Ma\u00eetrise d\u2019\u0153uvre, chef d\u2019orchestre de votre projet immobilier. Situ\u00e9e \u00e0 Challans et sur l\u2019\u00eele de Noirmoutier en Vend\u00e9e. 02 51 54 09 91\" \/>\n<meta property=\"og:url\" content=\"https:\/\/www.blcmo.fr\/a-propos-maitrise-oeuvre\/\" \/>\n<meta property=\"og:site_name\" content=\"BLC Ma\u00eetrise d\u2019\u0153uvre\" \/>\n<meta property=\"article:modified_time\" content=\"2025-11-05T07:45:52+00:00\" \/>\n<meta property=\"og:image\" content=\"https:\/\/www.blcmo.fr\/wp-content\/uploads\/2022\/09\/blc_challans_noirmoutier_1200X627.jpg\" \/>\n\t<meta property=\"og:image:width\" content=\"1200\" \/>\n\t<meta property=\"og:image:height\" content=\"627\" \/>\n\t<meta property=\"og:image:type\" content=\"image\/jpeg\" \/>\n<meta name=\"twitter:card\" content=\"summary_large_image\" \/>\n<meta name=\"twitter:label1\" content=\"Dur\u00e9e de lecture estim\u00e9e\" \/>\n\t<meta name=\"twitter:data1\" content=\"6 minutes\" \/>\n<script type=\"application\/ld+json\" class=\"yoast-schema-graph\">{\"@context\":\"https:\/\/schema.org\",\"@graph\":[{\"@type\":\"WebPage\",\"@id\":\"https:\/\/www.blcmo.fr\/a-propos-maitrise-oeuvre\/\",\"url\":\"https:\/\/www.blcmo.fr\/a-propos-maitrise-oeuvre\/\",\"name\":\"Construire, r\u00e9nover et r\u00e9habiliter en Vend\u00e9e |\u00a0BLC Ma\u00eetrise d\u2019\u0153uvre\",\"isPartOf\":{\"@id\":\"https:\/\/www.blcmo.fr\/#website\"},\"primaryImageOfPage\":{\"@id\":\"https:\/\/www.blcmo.fr\/a-propos-maitrise-oeuvre\/#primaryimage\"},\"image\":{\"@id\":\"https:\/\/www.blcmo.fr\/a-propos-maitrise-oeuvre\/#primaryimage\"},\"thumbnailUrl\":\"https:\/\/www.blcmo.fr\/wp-content\/uploads\/2022\/09\/blc_challans_noirmoutier_1200X627.jpg\",\"datePublished\":\"2022-08-05T10:59:37+00:00\",\"dateModified\":\"2025-11-05T07:45:52+00:00\",\"description\":\"BLC Ma\u00eetrise d\u2019\u0153uvre, chef d\u2019orchestre de votre projet immobilier. Situ\u00e9e \u00e0 Challans et sur l\u2019\u00eele de Noirmoutier en Vend\u00e9e. 02 51 54 09 91\",\"inLanguage\":\"fr-FR\",\"potentialAction\":[{\"@type\":\"ReadAction\",\"target\":[\"https:\/\/www.blcmo.fr\/a-propos-maitrise-oeuvre\/\"]}]},{\"@type\":\"ImageObject\",\"inLanguage\":\"fr-FR\",\"@id\":\"https:\/\/www.blcmo.fr\/a-propos-maitrise-oeuvre\/#primaryimage\",\"url\":\"https:\/\/www.blcmo.fr\/wp-content\/uploads\/2022\/09\/blc_challans_noirmoutier_1200X627.jpg\",\"contentUrl\":\"https:\/\/www.blcmo.fr\/wp-content\/uploads\/2022\/09\/blc_challans_noirmoutier_1200X627.jpg\",\"width\":1200,\"height\":627,\"caption\":\"BLC Ma\u00eetrise d'\u0153uvre\"},{\"@type\":\"WebSite\",\"@id\":\"https:\/\/www.blcmo.fr\/#website\",\"url\":\"https:\/\/www.blcmo.fr\/\",\"name\":\"BLC Ma\u00eetrise d\u2019\u0153uvre\",\"description\":\"Ma\u00eetrise d\u2019\u0153uvre \u00e0 Challans et sur l\u2019Ile de Noirmoutier\",\"potentialAction\":[{\"@type\":\"SearchAction\",\"target\":{\"@type\":\"EntryPoint\",\"urlTemplate\":\"https:\/\/www.blcmo.fr\/?s={search_term_string}\"},\"query-input\":{\"@type\":\"PropertyValueSpecification\",\"valueRequired\":true,\"valueName\":\"search_term_string\"}}],\"inLanguage\":\"fr-FR\"}]}<\/script>\n<!-- \/ Yoast SEO plugin. -->","yoast_head_json":{"title":"Construire, r\u00e9nover et r\u00e9habiliter en Vend\u00e9e |\u00a0BLC Ma\u00eetrise d\u2019\u0153uvre","description":"BLC Ma\u00eetrise d\u2019\u0153uvre, chef d\u2019orchestre de votre projet immobilier. Situ\u00e9e \u00e0 Challans et sur l\u2019\u00eele de Noirmoutier en Vend\u00e9e. 02 51 54 09 91","robots":{"index":"index","follow":"follow","max-snippet":"max-snippet:-1","max-image-preview":"max-image-preview:large","max-video-preview":"max-video-preview:-1"},"canonical":"https:\/\/www.blcmo.fr\/a-propos-maitrise-oeuvre\/","og_locale":"fr_FR","og_type":"article","og_title":"Construire, r\u00e9nover et r\u00e9habiliter en Vend\u00e9e |\u00a0BLC Ma\u00eetrise d\u2019\u0153uvre","og_description":"BLC Ma\u00eetrise d\u2019\u0153uvre, chef d\u2019orchestre de votre projet immobilier. Situ\u00e9e \u00e0 Challans et sur l\u2019\u00eele de Noirmoutier en Vend\u00e9e. 02 51 54 09 91","og_url":"https:\/\/www.blcmo.fr\/a-propos-maitrise-oeuvre\/","og_site_name":"BLC Ma\u00eetrise d\u2019\u0153uvre","article_modified_time":"2025-11-05T07:45:52+00:00","og_image":[{"width":1200,"height":627,"url":"https:\/\/www.blcmo.fr\/wp-content\/uploads\/2022\/09\/blc_challans_noirmoutier_1200X627.jpg","type":"image\/jpeg"}],"twitter_card":"summary_large_image","twitter_misc":{"Dur\u00e9e de lecture estim\u00e9e":"6 minutes"},"schema":{"@context":"https:\/\/schema.org","@graph":[{"@type":"WebPage","@id":"https:\/\/www.blcmo.fr\/a-propos-maitrise-oeuvre\/","url":"https:\/\/www.blcmo.fr\/a-propos-maitrise-oeuvre\/","name":"Construire, r\u00e9nover et r\u00e9habiliter en Vend\u00e9e |\u00a0BLC Ma\u00eetrise d\u2019\u0153uvre","isPartOf":{"@id":"https:\/\/www.blcmo.fr\/#website"},"primaryImageOfPage":{"@id":"https:\/\/www.blcmo.fr\/a-propos-maitrise-oeuvre\/#primaryimage"},"image":{"@id":"https:\/\/www.blcmo.fr\/a-propos-maitrise-oeuvre\/#primaryimage"},"thumbnailUrl":"https:\/\/www.blcmo.fr\/wp-content\/uploads\/2022\/09\/blc_challans_noirmoutier_1200X627.jpg","datePublished":"2022-08-05T10:59:37+00:00","dateModified":"2025-11-05T07:45:52+00:00","description":"BLC Ma\u00eetrise d\u2019\u0153uvre, chef d\u2019orchestre de votre projet immobilier. Situ\u00e9e \u00e0 Challans et sur l\u2019\u00eele de Noirmoutier en Vend\u00e9e. 02 51 54 09 91","inLanguage":"fr-FR","potentialAction":[{"@type":"ReadAction","target":["https:\/\/www.blcmo.fr\/a-propos-maitrise-oeuvre\/"]}]},{"@type":"ImageObject","inLanguage":"fr-FR","@id":"https:\/\/www.blcmo.fr\/a-propos-maitrise-oeuvre\/#primaryimage","url":"https:\/\/www.blcmo.fr\/wp-content\/uploads\/2022\/09\/blc_challans_noirmoutier_1200X627.jpg","contentUrl":"https:\/\/www.blcmo.fr\/wp-content\/uploads\/2022\/09\/blc_challans_noirmoutier_1200X627.jpg","width":1200,"height":627,"caption":"BLC Ma\u00eetrise d'\u0153uvre"},{"@type":"WebSite","@id":"https:\/\/www.blcmo.fr\/#website","url":"https:\/\/www.blcmo.fr\/","name":"BLC Ma\u00eetrise d\u2019\u0153uvre","description":"Ma\u00eetrise d\u2019\u0153uvre \u00e0 Challans et sur l\u2019Ile de Noirmoutier","potentialAction":[{"@type":"SearchAction","target":{"@type":"EntryPoint","urlTemplate":"https:\/\/www.blcmo.fr\/?s={search_term_string}"},"query-input":{"@type":"PropertyValueSpecification","valueRequired":true,"valueName":"search_term_string"}}],"inLanguage":"fr-FR"}]}},"_links":{"self":[{"href":"https:\/\/www.blcmo.fr\/api\/wp\/v2\/pages\/34","targetHints":{"allow":["GET"]}}],"collection":[{"href":"https:\/\/www.blcmo.fr\/api\/wp\/v2\/pages"}],"about":[{"href":"https:\/\/www.blcmo.fr\/api\/wp\/v2\/types\/page"}],"author":[{"embeddable":true,"href":"https:\/\/www.blcmo.fr\/api\/wp\/v2\/users\/1"}],"replies":[{"embeddable":true,"href":"https:\/\/www.blcmo.fr\/api\/wp\/v2\/comments?post=34"}],"version-history":[{"count":31,"href":"https:\/\/www.blcmo.fr\/api\/wp\/v2\/pages\/34\/revisions"}],"predecessor-version":[{"id":1188,"href":"https:\/\/www.blcmo.fr\/api\/wp\/v2\/pages\/34\/revisions\/1188"}],"wp:featuredmedia":[{"embeddable":true,"href":"https:\/\/www.blcmo.fr\/api\/wp\/v2\/media\/634"}],"wp:attachment":[{"href":"https:\/\/www.blcmo.fr\/api\/wp\/v2\/media?parent=34"}],"curies":[{"name":"wp","href":"https:\/\/api.w.org\/{rel}","templated":true}]}}