{"id":40,"date":"2022-08-05T13:00:22","date_gmt":"2022-08-05T11:00:22","guid":{"rendered":"https:\/\/www.blcmo.fr\/?page_id=40"},"modified":"2024-07-12T11:43:38","modified_gmt":"2024-07-12T09:43:38","slug":"equipe-maitrise-oeuvre","status":"publish","type":"page","link":"https:\/\/www.blcmo.fr\/equipe-maitrise-oeuvre\/","title":{"rendered":"L&rsquo;\u00e9quipe"},"content":{"rendered":"<p>[et_pb_section fb_built=\u00a0\u00bb1&Prime; _builder_version=\u00a0\u00bb4.18.0&Prime; _module_preset=\u00a0\u00bbdefault\u00a0\u00bb locked=\u00a0\u00bboff\u00a0\u00bb global_colors_info=\u00a0\u00bb{}\u00a0\u00bb][et_pb_row _builder_version=\u00a0\u00bb4.18.0&Prime; _module_preset=\u00a0\u00bbdefault\u00a0\u00bb global_colors_info=\u00a0\u00bb{}\u00a0\u00bb][et_pb_column type=\u00a0\u00bb4_4&Prime; _builder_version=\u00a0\u00bb4.18.0&Prime; _module_preset=\u00a0\u00bbdefault\u00a0\u00bb global_colors_info=\u00a0\u00bb{}\u00a0\u00bb][et_pb_text _builder_version=\u00a0\u00bb4.25.1&Prime; _module_preset=\u00a0\u00bbdefault\u00a0\u00bb text_text_color=\u00a0\u00bb#141215&Prime; header_font=\u00a0\u00bb|600|||||||\u00a0\u00bb header_text_align=\u00a0\u00bbcenter\u00a0\u00bb header_text_color=\u00a0\u00bb#141215&Prime; header_font_size=\u00a0\u00bb45px\u00a0\u00bb custom_margin=\u00a0\u00bb||0px||false|false\u00a0\u00bb global_colors_info=\u00a0\u00bb{}\u00a0\u00bb]<\/p>\n<h1>L\u2019\u00e9quipe BLC Ma\u00eetrise d\u2019\u0153uvre<\/h1>\n<p>[\/et_pb_text][et_pb_text module_class=\u00a0\u00bbsquare\u00a0\u00bb _builder_version=\u00a0\u00bb4.18.0&Prime; _module_preset=\u00a0\u00bbdefault\u00a0\u00bb text_text_color=\u00a0\u00bb#141215&Prime; header_text_align=\u00a0\u00bbcenter\u00a0\u00bb header_text_color=\u00a0\u00bb#141215&Prime; header_font_size=\u00a0\u00bb45px\u00a0\u00bb header_2_text_align=\u00a0\u00bbcenter\u00a0\u00bb header_2_text_color=\u00a0\u00bb#EB681E\u00a0\u00bb header_2_font_size=\u00a0\u00bb50px\u00a0\u00bb global_colors_info=\u00a0\u00bb{}\u00a0\u00bb]<\/p>\n<h2>Au service de vos projets immobiliers<\/h2>\n<p>[\/et_pb_text][\/et_pb_column][\/et_pb_row][\/et_pb_section][et_pb_section fb_built=\u00a0\u00bb1&Prime; _builder_version=\u00a0\u00bb4.18.0&Prime; _module_preset=\u00a0\u00bbdefault\u00a0\u00bb background_image=\u00a0\u00bbhttps:\/\/www.blcmo.fr\/storage\/2022\/09\/bg-equipe.png\u00a0\u00bb background_size=\u00a0\u00bbcustom\u00a0\u00bb background_image_width=\u00a0\u00bb30%\u00a0\u00bb background_position=\u00a0\u00bbcenter_left\u00a0\u00bb custom_padding=\u00a0\u00bb||0px|||\u00a0\u00bb background_last_edited=\u00a0\u00bbon|phone\u00a0\u00bb background_enable_image_tablet=\u00a0\u00bboff\u00a0\u00bb global_colors_info=\u00a0\u00bb{}\u00a0\u00bb][et_pb_row column_structure=\u00a0\u00bb2_5,3_5&Prime; make_equal=\u00a0\u00bbon\u00a0\u00bb _builder_version=\u00a0\u00bb4.18.0&Prime; _module_preset=\u00a0\u00bbdefault\u00a0\u00bb max_width=\u00a0\u00bb2560px\u00a0\u00bb global_colors_info=\u00a0\u00bb{}\u00a0\u00bb][et_pb_column type=\u00a0\u00bb2_5&Prime; module_class=\u00a0\u00bbflex_center\u00a0\u00bb _builder_version=\u00a0\u00bb4.18.0&Prime; _module_preset=\u00a0\u00bbdefault\u00a0\u00bb global_colors_info=\u00a0\u00bb{}\u00a0\u00bb][et_pb_image src=\u00a0\u00bbhttps:\/\/www.blcmo.fr\/storage\/2022\/09\/romain-blanchard.jpg\u00a0\u00bb title_text=\u00a0\u00bbromain-blanchard\u00a0\u00bb _builder_version=\u00a0\u00bb4.18.0&Prime; _module_preset=\u00a0\u00bbdefault\u00a0\u00bb box_shadow_style=\u00a0\u00bbpreset4&Prime; box_shadow_horizontal=\u00a0\u00bb30px\u00a0\u00bb box_shadow_vertical=\u00a0\u00bb30px\u00a0\u00bb box_shadow_color=\u00a0\u00bbrgba(112,112,112,0.1)\u00a0\u00bb global_colors_info=\u00a0\u00bb{}\u00a0\u00bb][\/et_pb_image][\/et_pb_column][et_pb_column type=\u00a0\u00bb3_5&Prime; _builder_version=\u00a0\u00bb4.18.0&Prime; _module_preset=\u00a0\u00bbdefault\u00a0\u00bb global_colors_info=\u00a0\u00bb{}\u00a0\u00bb][et_pb_text admin_label=\u00a0\u00bbRomain BLANCHARD\u00a0\u00bb _builder_version=\u00a0\u00bb4.25.1&Prime; _module_preset=\u00a0\u00bbdefault\u00a0\u00bb header_3_font=\u00a0\u00bb|600|||||||\u00a0\u00bb header_3_font_size=\u00a0\u00bb45px\u00a0\u00bb custom_margin=\u00a0\u00bb||-2px|||\u00a0\u00bb header_3_font_size_tablet=\u00a0\u00bb40px\u00a0\u00bb header_3_font_size_phone=\u00a0\u00bb35px\u00a0\u00bb header_3_font_size_last_edited=\u00a0\u00bbon|phone\u00a0\u00bb global_colors_info=\u00a0\u00bb{}\u00a0\u00bb]<\/p>\n<h3>Romain BLANCHARD<\/h3>\n<p>[\/et_pb_text][et_pb_blurb title=\u00a0\u00bbCo-fondateur et co-g\u00e9rant &#8211; Ma\u00eetre d\u2019\u0153uvre\u00a0\u00bb content_max_width=\u00a0\u00bb1100px\u00a0\u00bb module_class=\u00a0\u00bbtitle-square\u00a0\u00bb _builder_version=\u00a0\u00bb4.25.1&Prime; _module_preset=\u00a0\u00bbdefault\u00a0\u00bb global_colors_info=\u00a0\u00bb{}\u00a0\u00bb]<\/p>\n<p>Originaire de Dunkerque, Romain BLANCHARD s\u2019installe en Vend\u00e9e apr\u00e8s avoir obtenu un DUT G\u00e9nie Civil \u00e0 La Rochelle. Il d\u00e9marre sa carri\u00e8re en tant que technicien de b\u00e2timent pour un ma\u00e7on \u00e0 Saint-Jean-de-Monts. Il est alors en charge de la conception de plans de maisons et de l\u2019organisation des chantiers.<\/p>\n<p>Suite \u00e0 cette premi\u00e8re exp\u00e9rience de terrain, Romain BLANCHARD d\u00e9cide d\u2019offrir ses services \u00e0 des architectes vend\u00e9ens. Il devient d\u00e8s lors conducteur de travaux pour un cabinet \u00e0 Challans, avant de rejoindre l\u2019\u00e9quipe de l\u2019architecte St\u00e9phane CHABROL. \u00c0 ses c\u00f4t\u00e9s, Romain d\u00e9veloppe et affine pendant pr\u00e8s de 10 ans ses comp\u00e9tences de Ma\u00eetre d\u2019Oeuvre.<\/p>\n<p>De 2011 \u00e0 2019, il pilote de nombreux projets de construction, dont il assure le suivi technique, administratif et financier. Interlocuteur privil\u00e9gi\u00e9 en phase travaux, il comprend vite l\u2019importance d\u2019offrir un service de haute qualit\u00e9. \u00catre \u00e0 l\u2019\u00e9coute du client et lui permettre de vivre son projet de construction sans stress ni complications font partie de ses priorit\u00e9s.<\/p>\n<p>En 2019, Romain Blanchard fonde l\u2019entreprise BLC Ma\u00eetrise d\u2019\u0153uvre en association avec St\u00e9phane Chabrol \u2013 Co-g\u00e9rant. Un an plus tard, il recrute d\u00e9j\u00e0 son premier salari\u00e9. Aujourd\u2019hui, c\u2019est une \u00e9quipe passionn\u00e9e et soud\u00e9e de 6 personnes qui vous accompagne dans la r\u00e9alisation de vos projets immobiliers.<\/p>\n<p>[\/et_pb_blurb][\/et_pb_column][\/et_pb_row][\/et_pb_section][et_pb_section fb_built=\u00a0\u00bb1&Prime; module_class=\u00a0\u00bbligne_noire\u00a0\u00bb _builder_version=\u00a0\u00bb4.18.0&Prime; _module_preset=\u00a0\u00bbdefault\u00a0\u00bb custom_margin=\u00a0\u00bb||||false|false\u00a0\u00bb custom_padding=\u00a0\u00bb0px||0px||true|false\u00a0\u00bb global_colors_info=\u00a0\u00bb{}\u00a0\u00bb][et_pb_row _builder_version=\u00a0\u00bb4.18.0&Prime; _module_preset=\u00a0\u00bbdefault\u00a0\u00bb width=\u00a0\u00bb100%\u00a0\u00bb max_width=\u00a0\u00bb2560px\u00a0\u00bb custom_margin=\u00a0\u00bb50px||50px||true|false\u00a0\u00bb custom_padding=\u00a0\u00bb||0px||false|false\u00a0\u00bb global_colors_info=\u00a0\u00bb{}\u00a0\u00bb][et_pb_column type=\u00a0\u00bb4_4&Prime; _builder_version=\u00a0\u00bb4.17.6&Prime; _module_preset=\u00a0\u00bbdefault\u00a0\u00bb global_colors_info=\u00a0\u00bb{}\u00a0\u00bb][et_pb_image src=\u00a0\u00bbhttps:\/\/www.blcmo.fr\/storage\/2022\/09\/logo-blc.svg\u00a0\u00bb title_text=\u00a0\u00bblogo-blc\u00a0\u00bb align=\u00a0\u00bbcenter\u00a0\u00bb _builder_version=\u00a0\u00bb4.18.0&Prime; _module_preset=\u00a0\u00bbdefault\u00a0\u00bb global_colors_info=\u00a0\u00bb{}\u00a0\u00bb][\/et_pb_image][\/et_pb_column][\/et_pb_row][\/et_pb_section][et_pb_section fb_built=\u00a0\u00bb1&Prime; _builder_version=\u00a0\u00bb4.18.0&Prime; _module_preset=\u00a0\u00bbdefault\u00a0\u00bb custom_padding=\u00a0\u00bb||0px|||\u00a0\u00bb locked=\u00a0\u00bboff\u00a0\u00bb global_colors_info=\u00a0\u00bb{}\u00a0\u00bb][et_pb_row _builder_version=\u00a0\u00bb4.18.0&Prime; _module_preset=\u00a0\u00bbdefault\u00a0\u00bb custom_padding=\u00a0\u00bb||40px||false|false\u00a0\u00bb global_colors_info=\u00a0\u00bb{}\u00a0\u00bb][et_pb_column type=\u00a0\u00bb4_4&Prime; _builder_version=\u00a0\u00bb4.18.0&Prime; _module_preset=\u00a0\u00bbdefault\u00a0\u00bb global_colors_info=\u00a0\u00bb{}\u00a0\u00bb][et_pb_text _builder_version=\u00a0\u00bb4.25.1&Prime; _module_preset=\u00a0\u00bbdefault\u00a0\u00bb text_text_color=\u00a0\u00bb#141215&Prime; header_font=\u00a0\u00bb|600|||||||\u00a0\u00bb header_text_align=\u00a0\u00bbcenter\u00a0\u00bb header_text_color=\u00a0\u00bb#141215&Prime; header_font_size=\u00a0\u00bb45px\u00a0\u00bb header_3_font=\u00a0\u00bb|600|||||||\u00a0\u00bb header_3_text_align=\u00a0\u00bbcenter\u00a0\u00bb header_3_font_size=\u00a0\u00bb45px\u00a0\u00bb global_colors_info=\u00a0\u00bb{}\u00a0\u00bb custom_margin=\u00a0\u00bb||0px||false|false\u00a0\u00bb]<\/p>\n<h3>Des m\u00e9tiers de sp\u00e9cialit\u00e9<\/h3>\n<p>[\/et_pb_text][et_pb_text module_class=\u00a0\u00bbsquare title-square\u00a0\u00bb _builder_version=\u00a0\u00bb4.25.1&Prime; _module_preset=\u00a0\u00bbdefault\u00a0\u00bb text_text_color=\u00a0\u00bb#141215&Prime; header_text_align=\u00a0\u00bbcenter\u00a0\u00bb header_text_color=\u00a0\u00bb#141215&Prime; header_font_size=\u00a0\u00bb45px\u00a0\u00bb header_2_text_align=\u00a0\u00bbcenter\u00a0\u00bb header_2_text_color=\u00a0\u00bb#EB681E\u00a0\u00bb header_2_font_size=\u00a0\u00bb50px\u00a0\u00bb global_colors_info=\u00a0\u00bb{}\u00a0\u00bb]<\/p>\n<h2>Des professionnels \u00e0 la hauteur de vos ambitions<\/h2>\n<p>[\/et_pb_text][et_pb_blurb content_max_width=\u00a0\u00bb700px\u00a0\u00bb _builder_version=\u00a0\u00bb4.18.0&Prime; _module_preset=\u00a0\u00bbdefault\u00a0\u00bb text_orientation=\u00a0\u00bbcenter\u00a0\u00bb custom_margin=\u00a0\u00bb60px||||false|false\u00a0\u00bb global_colors_info=\u00a0\u00bb{}\u00a0\u00bb]<\/p>\n<p>Afin de vous servir au mieux, Romain BLANCHARD s\u2019entoure d\u2019une \u00e9quipe d\u2019expert(e)s dans les domaines propres \u00e0 la Ma\u00eetrise d\u2019\u0153uvre :<\/p>\n<p>[\/et_pb_blurb][\/et_pb_column][\/et_pb_row][et_pb_row column_structure=\u00a0\u00bb1_4,1_4,1_4,1_4&Prime; use_custom_gutter=\u00a0\u00bbon\u00a0\u00bb gutter_width=\u00a0\u00bb1&Prime; make_equal=\u00a0\u00bbon\u00a0\u00bb disabled_on=\u00a0\u00bbon|on|on\u00a0\u00bb module_class=\u00a0\u00bbequipe\u00a0\u00bb _builder_version=\u00a0\u00bb4.18.0&Prime; _module_preset=\u00a0\u00bbdefault\u00a0\u00bb width=\u00a0\u00bb100%\u00a0\u00bb max_width=\u00a0\u00bb2560px\u00a0\u00bb custom_padding=\u00a0\u00bb0px||0px|||\u00a0\u00bb disabled=\u00a0\u00bbon\u00a0\u00bb collapsed=\u00a0\u00bbon\u00a0\u00bb global_colors_info=\u00a0\u00bb{}\u00a0\u00bb][et_pb_column type=\u00a0\u00bb1_4&Prime; _builder_version=\u00a0\u00bb4.18.0&Prime; _module_preset=\u00a0\u00bbdefault\u00a0\u00bb background_enable_image=\u00a0\u00bboff\u00a0\u00bb global_colors_info=\u00a0\u00bb{}\u00a0\u00bb][et_pb_image src=\u00a0\u00bbhttps:\/\/www.blcmo.fr\/storage\/2022\/09\/virginie.jpg\u00a0\u00bb title_text=\u00a0\u00bbvirginie\u00a0\u00bb _builder_version=\u00a0\u00bb4.18.0&Prime; _module_preset=\u00a0\u00bbdefault\u00a0\u00bb global_colors_info=\u00a0\u00bb{}\u00a0\u00bb][\/et_pb_image][\/et_pb_column][et_pb_column type=\u00a0\u00bb1_4&Prime; module_class=\u00a0\u00bbflex_center\u00a0\u00bb _builder_version=\u00a0\u00bb4.18.0&Prime; _module_preset=\u00a0\u00bbdefault\u00a0\u00bb global_colors_info=\u00a0\u00bb{}\u00a0\u00bb][et_pb_blurb title=\u00a0\u00bbVirginie\u00a0\u00bb _builder_version=\u00a0\u00bb4.18.0&Prime; _module_preset=\u00a0\u00bbdefault\u00a0\u00bb header_font=\u00a0\u00bb|700|||||||\u00a0\u00bb header_text_color=\u00a0\u00bb#EB681E\u00a0\u00bb header_font_size=\u00a0\u00bb30px\u00a0\u00bb body_font=\u00a0\u00bb|600|||||||\u00a0\u00bb body_font_size=\u00a0\u00bb25px\u00a0\u00bb custom_padding=\u00a0\u00bb|10%||10%|false|true\u00a0\u00bb global_colors_info=\u00a0\u00bb{}\u00a0\u00bb]<\/p>\n<p>Dessinatrice<\/p>\n<p>[\/et_pb_blurb][\/et_pb_column][et_pb_column type=\u00a0\u00bb1_4&Prime; _builder_version=\u00a0\u00bb4.18.0&Prime; _module_preset=\u00a0\u00bbdefault\u00a0\u00bb background_enable_image=\u00a0\u00bboff\u00a0\u00bb global_colors_info=\u00a0\u00bb{}\u00a0\u00bb][et_pb_image src=\u00a0\u00bbhttps:\/\/www.blcmo.fr\/storage\/2022\/09\/Charli.jpg\u00a0\u00bb title_text=\u00a0\u00bbCharli\u00a0\u00bb _builder_version=\u00a0\u00bb4.18.0&Prime; _module_preset=\u00a0\u00bbdefault\u00a0\u00bb global_colors_info=\u00a0\u00bb{}\u00a0\u00bb][\/et_pb_image][\/et_pb_column][et_pb_column type=\u00a0\u00bb1_4&Prime; module_class=\u00a0\u00bbflex_center\u00a0\u00bb _builder_version=\u00a0\u00bb4.18.0&Prime; _module_preset=\u00a0\u00bbdefault\u00a0\u00bb background_color=\u00a0\u00bb#141215&Prime; global_colors_info=\u00a0\u00bb{}\u00a0\u00bb][et_pb_blurb title=\u00a0\u00bbCharli\u00a0\u00bb _builder_version=\u00a0\u00bb4.18.0&Prime; _module_preset=\u00a0\u00bbdefault\u00a0\u00bb header_font=\u00a0\u00bb|700|||||||\u00a0\u00bb header_text_color=\u00a0\u00bb#EB681E\u00a0\u00bb header_font_size=\u00a0\u00bb30px\u00a0\u00bb body_font=\u00a0\u00bb|600|||||||\u00a0\u00bb body_text_color=\u00a0\u00bb#FFFFFF\u00a0\u00bb body_font_size=\u00a0\u00bb25px\u00a0\u00bb custom_padding=\u00a0\u00bb|10%||10%|false|true\u00a0\u00bb global_colors_info=\u00a0\u00bb{}\u00a0\u00bb]<\/p>\n<p>\u00c9conomiste<br \/>de la construction<\/p>\n<p>[\/et_pb_blurb][\/et_pb_column][\/et_pb_row][et_pb_row module_class=\u00a0\u00bbchiffres puces\u00a0\u00bb _builder_version=\u00a0\u00bb4.17.6&Prime; _module_preset=\u00a0\u00bbdefault\u00a0\u00bb custom_padding=\u00a0\u00bb50px||||false|false\u00a0\u00bb locked=\u00a0\u00bboff\u00a0\u00bb global_colors_info=\u00a0\u00bb{}\u00a0\u00bb][et_pb_column type=\u00a0\u00bb4_4&Prime; _builder_version=\u00a0\u00bb4.17.1&Prime; _module_preset=\u00a0\u00bbdefault\u00a0\u00bb global_colors_info=\u00a0\u00bb{}\u00a0\u00bb][et_pb_blurb title=\u00a0\u00bbDessinateur-Projeteur\u00a0\u00bb image=\u00a0\u00bbhttps:\/\/www.blcmo.fr\/storage\/2022\/09\/conception-projet.svg\u00a0\u00bb icon_placement=\u00a0\u00bbleft\u00a0\u00bb image_icon_width=\u00a0\u00bb240px\u00a0\u00bb content_max_width=\u00a0\u00bb1000px\u00a0\u00bb image_icon_width_tablet=\u00a0\u00bb90px\u00a0\u00bb image_icon_width_phone=\u00a0\u00bb65px\u00a0\u00bb image_icon_width_last_edited=\u00a0\u00bbon|phone\u00a0\u00bb admin_label=\u00a0\u00bbDessinateur-Projeteur\u00a0\u00bb _builder_version=\u00a0\u00bb4.25.1&Prime; _module_preset=\u00a0\u00bbdefault\u00a0\u00bb header_font=\u00a0\u00bbPoppins|700|||||||\u00a0\u00bb header_text_color=\u00a0\u00bb#1D1D1D\u00a0\u00bb header_font_size=\u00a0\u00bb30px\u00a0\u00bb body_font=\u00a0\u00bbPoppins|300|||||||\u00a0\u00bb body_text_color=\u00a0\u00bb#1D1D1D\u00a0\u00bb body_link_text_color=\u00a0\u00bb#974F03&Prime; body_ul_font=\u00a0\u00bbPoppins|500|||||||\u00a0\u00bb body_ul_text_color=\u00a0\u00bb#141215&Prime; module_alignment=\u00a0\u00bbcenter\u00a0\u00bb custom_margin=\u00a0\u00bb||7%||false|false\u00a0\u00bb custom_margin_tablet=\u00a0\u00bb||7%||false|false\u00a0\u00bb custom_margin_phone=\u00a0\u00bb||15%||false|false\u00a0\u00bb custom_margin_last_edited=\u00a0\u00bbon|phone\u00a0\u00bb header_font_size_tablet=\u00a0\u00bb30px\u00a0\u00bb header_font_size_phone=\u00a0\u00bb26px\u00a0\u00bb header_font_size_last_edited=\u00a0\u00bbon|phone\u00a0\u00bb global_colors_info=\u00a0\u00bb{}\u00a0\u00bb]Le dessinateur-projeteur intervient lors de l&rsquo;\u00e9tude du projet. Apr\u00e8s analyse du dossier technique (dimensions, contraintes techniques et r\u00e9glementaires), il adapte les plans en 2D ou en 3D, sous la forme de dessins et de graphiques vari\u00e9s.[\/et_pb_blurb][et_pb_blurb title=\u00a0\u00bbMontage de dossier et d\u00e9marches administratives\u00a0\u00bb image=\u00a0\u00bbhttps:\/\/www.blcmo.fr\/storage\/2022\/09\/montage-dossier.svg\u00a0\u00bb icon_placement=\u00a0\u00bbleft\u00a0\u00bb image_icon_width=\u00a0\u00bb240px\u00a0\u00bb content_max_width=\u00a0\u00bb1000px\u00a0\u00bb image_icon_width_tablet=\u00a0\u00bb90px\u00a0\u00bb image_icon_width_phone=\u00a0\u00bb65px\u00a0\u00bb image_icon_width_last_edited=\u00a0\u00bbon|phone\u00a0\u00bb disabled_on=\u00a0\u00bbon|on|on\u00a0\u00bb admin_label=\u00a0\u00bbMontage de dossier et d\u00e9marches administratives\u00a0\u00bb _builder_version=\u00a0\u00bb4.18.0&Prime; _module_preset=\u00a0\u00bbdefault\u00a0\u00bb header_font=\u00a0\u00bbPoppins|700|||||||\u00a0\u00bb header_text_color=\u00a0\u00bb#1D1D1D\u00a0\u00bb header_font_size=\u00a0\u00bb30px\u00a0\u00bb body_font=\u00a0\u00bbPoppins|300|||||||\u00a0\u00bb body_text_color=\u00a0\u00bb#1D1D1D\u00a0\u00bb body_link_text_color=\u00a0\u00bb#974F03&Prime; body_ul_font=\u00a0\u00bbPoppins|500|||||||\u00a0\u00bb body_ul_text_color=\u00a0\u00bb#141215&Prime; module_alignment=\u00a0\u00bbcenter\u00a0\u00bb custom_margin=\u00a0\u00bb||7%||false|false\u00a0\u00bb custom_margin_tablet=\u00a0\u00bb||7%||false|false\u00a0\u00bb custom_margin_phone=\u00a0\u00bb||15%||false|false\u00a0\u00bb custom_margin_last_edited=\u00a0\u00bbon|phone\u00a0\u00bb header_font_size_tablet=\u00a0\u00bb30px\u00a0\u00bb header_font_size_phone=\u00a0\u00bb26px\u00a0\u00bb header_font_size_last_edited=\u00a0\u00bbon|phone\u00a0\u00bb disabled=\u00a0\u00bbon\u00a0\u00bb global_colors_info=\u00a0\u00bb{}\u00a0\u00bb]<\/p>\n<ul>\n<li>\u00c9laboration du cahier des Clauses Techniques Particuli\u00e8res<\/li>\n<li>D\u00e9p\u00f4t du permis de construire<\/li>\n<li>D\u00e9clarations de travaux<\/li>\n<\/ul>\n<p>[\/et_pb_blurb][et_pb_blurb title=\u00a0\u00bbEconomiste de la construction, m\u00e9treur\u00a0\u00bb image=\u00a0\u00bbhttps:\/\/www.blcmo.fr\/storage\/2022\/09\/economies.svg\u00a0\u00bb icon_placement=\u00a0\u00bbleft\u00a0\u00bb image_icon_width=\u00a0\u00bb240px\u00a0\u00bb content_max_width=\u00a0\u00bb1000px\u00a0\u00bb image_icon_width_tablet=\u00a0\u00bb90px\u00a0\u00bb image_icon_width_phone=\u00a0\u00bb65px\u00a0\u00bb image_icon_width_last_edited=\u00a0\u00bbon|phone\u00a0\u00bb admin_label=\u00a0\u00bbEconomiste de la construction, m\u00e9treur\u00a0\u00bb _builder_version=\u00a0\u00bb4.25.1&Prime; _module_preset=\u00a0\u00bbdefault\u00a0\u00bb header_font=\u00a0\u00bbPoppins|700|||||||\u00a0\u00bb header_text_color=\u00a0\u00bb#1D1D1D\u00a0\u00bb header_font_size=\u00a0\u00bb30px\u00a0\u00bb body_font=\u00a0\u00bbPoppins|300|||||||\u00a0\u00bb body_text_color=\u00a0\u00bb#1D1D1D\u00a0\u00bb body_link_text_color=\u00a0\u00bb#974F03&Prime; body_ul_font=\u00a0\u00bbPoppins|500|||||||\u00a0\u00bb body_ul_text_color=\u00a0\u00bb#141215&Prime; module_alignment=\u00a0\u00bbcenter\u00a0\u00bb custom_margin=\u00a0\u00bb||7%||false|false\u00a0\u00bb custom_margin_tablet=\u00a0\u00bb||7%||false|false\u00a0\u00bb custom_margin_phone=\u00a0\u00bb||15%||false|false\u00a0\u00bb custom_margin_last_edited=\u00a0\u00bbon|phone\u00a0\u00bb header_font_size_tablet=\u00a0\u00bb30px\u00a0\u00bb header_font_size_phone=\u00a0\u00bb26px\u00a0\u00bb header_font_size_last_edited=\u00a0\u00bbon|phone\u00a0\u00bb global_colors_info=\u00a0\u00bb{}\u00a0\u00bb]L&rsquo;\u00e9conomiste de la construction \u00e9value et mesure les co\u00fbts n\u00e9cessaires \u00e0 la construction ou l&rsquo;entretien d&rsquo;immeubles, de bureaux, de maisons ou d&rsquo;\u00e9quipements publics. Il intervient en amont du projet afin d&rsquo;en estimer la faisabilit\u00e9 et de le chiffrer. Il en suit la r\u00e9alisation une fois les travaux lanc\u00e9s.[\/et_pb_blurb][et_pb_blurb title=\u00a0\u00bbConducteur de travaux\u00a0\u00bb image=\u00a0\u00bbhttps:\/\/www.blcmo.fr\/storage\/2022\/09\/conduite-travaux.svg\u00a0\u00bb icon_placement=\u00a0\u00bbleft\u00a0\u00bb image_icon_width=\u00a0\u00bb240px\u00a0\u00bb content_max_width=\u00a0\u00bb1000px\u00a0\u00bb image_icon_width_tablet=\u00a0\u00bb90px\u00a0\u00bb image_icon_width_phone=\u00a0\u00bb65px\u00a0\u00bb image_icon_width_last_edited=\u00a0\u00bbon|phone\u00a0\u00bb admin_label=\u00a0\u00bbConducteur de travaux\u00a0\u00bb _builder_version=\u00a0\u00bb4.25.1&Prime; _module_preset=\u00a0\u00bbdefault\u00a0\u00bb header_font=\u00a0\u00bbPoppins|700|||||||\u00a0\u00bb header_text_color=\u00a0\u00bb#1D1D1D\u00a0\u00bb header_font_size=\u00a0\u00bb30px\u00a0\u00bb body_font=\u00a0\u00bbPoppins|300|||||||\u00a0\u00bb body_text_color=\u00a0\u00bb#1D1D1D\u00a0\u00bb body_link_text_color=\u00a0\u00bb#974F03&Prime; body_ul_font=\u00a0\u00bbPoppins|500|||||||\u00a0\u00bb body_ul_text_color=\u00a0\u00bb#141215&Prime; module_alignment=\u00a0\u00bbcenter\u00a0\u00bb custom_margin=\u00a0\u00bb||7%||false|false\u00a0\u00bb custom_margin_tablet=\u00a0\u00bb||7%||false|false\u00a0\u00bb custom_margin_phone=\u00a0\u00bb||15%||false|false\u00a0\u00bb custom_margin_last_edited=\u00a0\u00bbon|phone\u00a0\u00bb header_font_size_tablet=\u00a0\u00bb30px\u00a0\u00bb header_font_size_phone=\u00a0\u00bb26px\u00a0\u00bb header_font_size_last_edited=\u00a0\u00bbon|phone\u00a0\u00bb global_colors_info=\u00a0\u00bb{}\u00a0\u00bb]Le conducteur de travaux organise et suit les diff\u00e9rents moyens techniques, humains et financiers n\u00e9cessaires \u00e0 la r\u00e9alisation d&rsquo;un chantier de construction ou de travaux publics. Il intervient ainsi d\u00e8s le d\u00e9but du projet de construction et jusqu&rsquo;\u00e0 la remise des cl\u00e9s, en veillant \u00e0 respecter les d\u00e9lais.[\/et_pb_blurb][\/et_pb_column][\/et_pb_row][et_pb_row column_structure=\u00a0\u00bb1_4,1_4,1_4,1_4&Prime; use_custom_gutter=\u00a0\u00bbon\u00a0\u00bb gutter_width=\u00a0\u00bb1&Prime; make_equal=\u00a0\u00bbon\u00a0\u00bb disabled_on=\u00a0\u00bbon|on|on\u00a0\u00bb module_class=\u00a0\u00bbequipe\u00a0\u00bb _builder_version=\u00a0\u00bb4.18.0&Prime; _module_preset=\u00a0\u00bbdefault\u00a0\u00bb width=\u00a0\u00bb100%\u00a0\u00bb max_width=\u00a0\u00bb2560px\u00a0\u00bb custom_padding=\u00a0\u00bb0px||0px|||\u00a0\u00bb disabled=\u00a0\u00bbon\u00a0\u00bb collapsed=\u00a0\u00bbon\u00a0\u00bb global_colors_info=\u00a0\u00bb{}\u00a0\u00bb][et_pb_column type=\u00a0\u00bb1_4&Prime; module_class=\u00a0\u00bbflex_center\u00a0\u00bb _builder_version=\u00a0\u00bb4.18.0&Prime; _module_preset=\u00a0\u00bbdefault\u00a0\u00bb global_colors_info=\u00a0\u00bb{}\u00a0\u00bb][et_pb_blurb title=\u00a0\u00bbVirginie\u00a0\u00bb _builder_version=\u00a0\u00bb4.18.0&Prime; _module_preset=\u00a0\u00bbdefault\u00a0\u00bb header_font=\u00a0\u00bb|700|||||||\u00a0\u00bb header_text_color=\u00a0\u00bb#EB681E\u00a0\u00bb header_font_size=\u00a0\u00bb30px\u00a0\u00bb body_font=\u00a0\u00bb|600|||||||\u00a0\u00bb body_font_size=\u00a0\u00bb25px\u00a0\u00bb text_orientation=\u00a0\u00bbright\u00a0\u00bb custom_padding=\u00a0\u00bb|10%||10%|false|true\u00a0\u00bb global_colors_info=\u00a0\u00bb{}\u00a0\u00bb]<\/p>\n<p>Dessinatrice<\/p>\n<p>[\/et_pb_blurb][\/et_pb_column][et_pb_column type=\u00a0\u00bb1_4&Prime; _builder_version=\u00a0\u00bb4.18.0&Prime; _module_preset=\u00a0\u00bbdefault\u00a0\u00bb background_enable_image=\u00a0\u00bboff\u00a0\u00bb global_colors_info=\u00a0\u00bb{}\u00a0\u00bb][et_pb_image src=\u00a0\u00bbhttps:\/\/www.blcmo.fr\/storage\/2022\/09\/justine.jpg\u00a0\u00bb title_text=\u00a0\u00bbjustine\u00a0\u00bb _builder_version=\u00a0\u00bb4.18.0&Prime; _module_preset=\u00a0\u00bbdefault\u00a0\u00bb global_colors_info=\u00a0\u00bb{}\u00a0\u00bb][\/et_pb_image][\/et_pb_column][et_pb_column type=\u00a0\u00bb1_4&Prime; module_class=\u00a0\u00bbflex_center\u00a0\u00bb _builder_version=\u00a0\u00bb4.18.0&Prime; _module_preset=\u00a0\u00bbdefault\u00a0\u00bb global_colors_info=\u00a0\u00bb{}\u00a0\u00bb][et_pb_blurb title=\u00a0\u00bbSteeve\u00a0\u00bb _builder_version=\u00a0\u00bb4.18.0&Prime; _module_preset=\u00a0\u00bbdefault\u00a0\u00bb header_font=\u00a0\u00bb|700|||||||\u00a0\u00bb header_text_color=\u00a0\u00bb#EB681E\u00a0\u00bb header_font_size=\u00a0\u00bb30px\u00a0\u00bb body_font=\u00a0\u00bb|600|||||||\u00a0\u00bb body_font_size=\u00a0\u00bb25px\u00a0\u00bb text_orientation=\u00a0\u00bbright\u00a0\u00bb custom_padding=\u00a0\u00bb|10%||10%|false|true\u00a0\u00bb global_colors_info=\u00a0\u00bb{}\u00a0\u00bb]<\/p>\n<p>Conducteur de travaux<\/p>\n<p>[\/et_pb_blurb][\/et_pb_column][et_pb_column type=\u00a0\u00bb1_4&Prime; _builder_version=\u00a0\u00bb4.18.0&Prime; _module_preset=\u00a0\u00bbdefault\u00a0\u00bb background_enable_color=\u00a0\u00bboff\u00a0\u00bb background_enable_image=\u00a0\u00bboff\u00a0\u00bb global_colors_info=\u00a0\u00bb{}\u00a0\u00bb][et_pb_image src=\u00a0\u00bbhttps:\/\/www.blcmo.fr\/storage\/2022\/09\/steeve.jpg\u00a0\u00bb title_text=\u00a0\u00bbsteeve\u00a0\u00bb _builder_version=\u00a0\u00bb4.18.0&Prime; _module_preset=\u00a0\u00bbdefault\u00a0\u00bb global_colors_info=\u00a0\u00bb{}\u00a0\u00bb][\/et_pb_image][\/et_pb_column][\/et_pb_row][et_pb_row column_structure=\u00a0\u00bb1_4,1_4,1_2&Prime; use_custom_gutter=\u00a0\u00bbon\u00a0\u00bb gutter_width=\u00a0\u00bb1&Prime; make_equal=\u00a0\u00bbon\u00a0\u00bb disabled_on=\u00a0\u00bbon|on|on\u00a0\u00bb module_class=\u00a0\u00bbequipe_plus equipe\u00a0\u00bb _builder_version=\u00a0\u00bb4.18.0&Prime; _module_preset=\u00a0\u00bbdefault\u00a0\u00bb width=\u00a0\u00bb100%\u00a0\u00bb max_width=\u00a0\u00bb2560px\u00a0\u00bb custom_padding=\u00a0\u00bb0px||0px|||\u00a0\u00bb disabled=\u00a0\u00bbon\u00a0\u00bb collapsed=\u00a0\u00bbon\u00a0\u00bb global_colors_info=\u00a0\u00bb{}\u00a0\u00bb][et_pb_column type=\u00a0\u00bb1_4&Prime; _builder_version=\u00a0\u00bb4.18.0&Prime; _module_preset=\u00a0\u00bbdefault\u00a0\u00bb background_enable_image=\u00a0\u00bboff\u00a0\u00bb global_colors_info=\u00a0\u00bb{}\u00a0\u00bb][et_pb_image src=\u00a0\u00bbhttps:\/\/www.blcmo.fr\/storage\/2022\/09\/honorine.jpg\u00a0\u00bb title_text=\u00a0\u00bbhonorine\u00a0\u00bb _builder_version=\u00a0\u00bb4.18.0&Prime; _module_preset=\u00a0\u00bbdefault\u00a0\u00bb global_colors_info=\u00a0\u00bb{}\u00a0\u00bb][\/et_pb_image][\/et_pb_column][et_pb_column type=\u00a0\u00bb1_4&Prime; module_class=\u00a0\u00bbflex_center\u00a0\u00bb _builder_version=\u00a0\u00bb4.18.0&Prime; _module_preset=\u00a0\u00bbdefault\u00a0\u00bb background_color=\u00a0\u00bb#141215&Prime; global_colors_info=\u00a0\u00bb{}\u00a0\u00bb][et_pb_blurb title=\u00a0\u00bbHonorine\u00a0\u00bb _builder_version=\u00a0\u00bb4.18.0&Prime; _module_preset=\u00a0\u00bbdefault\u00a0\u00bb header_font=\u00a0\u00bb|700|||||||\u00a0\u00bb header_text_color=\u00a0\u00bb#EB681E\u00a0\u00bb header_font_size=\u00a0\u00bb30px\u00a0\u00bb body_font=\u00a0\u00bb|600|||||||\u00a0\u00bb body_text_color=\u00a0\u00bb#FFFFFF\u00a0\u00bb body_font_size=\u00a0\u00bb25px\u00a0\u00bb custom_padding=\u00a0\u00bb|10%||10%|false|true\u00a0\u00bb global_colors_info=\u00a0\u00bb{}\u00a0\u00bb]<\/p>\n<p>Comptable administrative<\/p>\n<p>[\/et_pb_blurb][\/et_pb_column][et_pb_column type=\u00a0\u00bb1_2&Prime; module_class=\u00a0\u00bbflex_center\u00a0\u00bb _builder_version=\u00a0\u00bb4.18.0&Prime; _module_preset=\u00a0\u00bbdefault\u00a0\u00bb background_color=\u00a0\u00bb#EB681E\u00a0\u00bb custom_padding=\u00a0\u00bb|2%||2%|false|true\u00a0\u00bb custom_padding_tablet=\u00a0\u00bb|5%||5%|false|true\u00a0\u00bb custom_padding_phone=\u00a0\u00bb|5%||5%|false|true\u00a0\u00bb custom_padding_last_edited=\u00a0\u00bbon|phone\u00a0\u00bb global_colors_info=\u00a0\u00bb{}\u00a0\u00bb][et_pb_text _builder_version=\u00a0\u00bb4.25.1&Prime; _module_preset=\u00a0\u00bbdefault\u00a0\u00bb text_text_color=\u00a0\u00bb#FFFFFF\u00a0\u00bb text_font_size=\u00a0\u00bb17px\u00a0\u00bb text_line_height=\u00a0\u00bb24px\u00a0\u00bb custom_padding_tablet=\u00a0\u00bb50px||50px||true|false\u00a0\u00bb custom_padding_phone=\u00a0\u00bb50px||50px||true|false\u00a0\u00bb custom_padding_last_edited=\u00a0\u00bbon|tablet\u00a0\u00bb global_colors_info=\u00a0\u00bb{}\u00a0\u00bb]<\/p>\n<p>Cette \u00e9quipe comp\u00e9tente, dynamique et \u00e0 taille humaine fait la force de BLC Ma\u00eetrise d\u2019\u0153uvre. Chacun apporte son regard et ses comp\u00e9tences dans l\u2019univers de la construction, dans une ambiance conviviale et passionn\u00e9e. Mais c\u2019est aussi une \u00e9quipe en constante formation qui, chaque jour, s\u2019engage \u00e0 vos c\u00f4t\u00e9s pour faire en sorte que vos projets deviennent r\u00e9alit\u00e9.<\/p>\n<p>[\/et_pb_text][\/et_pb_column][\/et_pb_row][et_pb_row use_custom_gutter=\u00a0\u00bbon\u00a0\u00bb gutter_width=\u00a0\u00bb1&Prime; make_equal=\u00a0\u00bbon\u00a0\u00bb module_class=\u00a0\u00bbequipe_plus equipe\u00a0\u00bb _builder_version=\u00a0\u00bb4.25.1&Prime; _module_preset=\u00a0\u00bbdefault\u00a0\u00bb width=\u00a0\u00bb100%\u00a0\u00bb max_width=\u00a0\u00bb2560px\u00a0\u00bb module_alignment=\u00a0\u00bbcenter\u00a0\u00bb custom_padding=\u00a0\u00bb0px||0px|||\u00a0\u00bb global_colors_info=\u00a0\u00bb{}\u00a0\u00bb][et_pb_column type=\u00a0\u00bb4_4&Prime; _builder_version=\u00a0\u00bb4.18.0&Prime; _module_preset=\u00a0\u00bbdefault\u00a0\u00bb background_enable_image=\u00a0\u00bboff\u00a0\u00bb global_colors_info=\u00a0\u00bb{}\u00a0\u00bb][et_pb_blurb content_max_width=\u00a0\u00bb750px\u00a0\u00bb _builder_version=\u00a0\u00bb4.25.1&Prime; _module_preset=\u00a0\u00bbdefault\u00a0\u00bb text_orientation=\u00a0\u00bbcenter\u00a0\u00bb module_alignment=\u00a0\u00bbcenter\u00a0\u00bb global_colors_info=\u00a0\u00bb{}\u00a0\u00bb]<\/p>\n<p>Cette \u00e9quipe comp\u00e9tente, dynamique et \u00e0 taille humaine fait la force de BLC Ma\u00eetrise d\u2019\u0153uvre. Chacun apporte son regard et ses comp\u00e9tences dans l\u2019univers de la construction, dans une ambiance conviviale et passionn\u00e9e. Mais c\u2019est aussi une \u00e9quipe en constante formation qui, chaque jour, s\u2019engage \u00e0 vos c\u00f4t\u00e9s pour faire en sorte que vos projets deviennent r\u00e9alit\u00e9.<\/p>\n<p>[\/et_pb_blurb][\/et_pb_column][\/et_pb_row][\/et_pb_section][et_pb_section fb_built=\u00a0\u00bb1&Prime; module_class=\u00a0\u00bbligne_noire\u00a0\u00bb _builder_version=\u00a0\u00bb4.18.0&Prime; _module_preset=\u00a0\u00bbdefault\u00a0\u00bb custom_margin=\u00a0\u00bb||||false|false\u00a0\u00bb custom_padding=\u00a0\u00bb0px||0px||true|false\u00a0\u00bb global_colors_info=\u00a0\u00bb{}\u00a0\u00bb][et_pb_row make_equal=\u00a0\u00bbon\u00a0\u00bb _builder_version=\u00a0\u00bb4.25.1&Prime; _module_preset=\u00a0\u00bbdefault\u00a0\u00bb width=\u00a0\u00bb100%\u00a0\u00bb max_width=\u00a0\u00bb2560px\u00a0\u00bb module_alignment=\u00a0\u00bbcenter\u00a0\u00bb custom_margin=\u00a0\u00bb50px||50px||true|false\u00a0\u00bb custom_padding=\u00a0\u00bb||0px||false|false\u00a0\u00bb global_colors_info=\u00a0\u00bb{}\u00a0\u00bb][et_pb_column type=\u00a0\u00bb4_4&Prime; _builder_version=\u00a0\u00bb4.17.6&Prime; _module_preset=\u00a0\u00bbdefault\u00a0\u00bb global_colors_info=\u00a0\u00bb{}\u00a0\u00bb][et_pb_image src=\u00a0\u00bbhttps:\/\/www.blcmo.fr\/storage\/2022\/09\/logo-blc.svg\u00a0\u00bb title_text=\u00a0\u00bblogo-blc\u00a0\u00bb align=\u00a0\u00bbcenter\u00a0\u00bb _builder_version=\u00a0\u00bb4.18.0&Prime; _module_preset=\u00a0\u00bbdefault\u00a0\u00bb global_colors_info=\u00a0\u00bb{}\u00a0\u00bb][\/et_pb_image][\/et_pb_column][\/et_pb_row][\/et_pb_section]<\/p>\n","protected":false},"excerpt":{"rendered":"<p>L\u2019\u00e9quipe BLC Ma\u00eetrise d\u2019\u0153uvreAu service de vos projets immobiliersRomain BLANCHARDOriginaire de Dunkerque, Romain BLANCHARD s\u2019installe en Vend\u00e9e apr\u00e8s avoir obtenu un DUT G\u00e9nie Civil \u00e0 La Rochelle. Il d\u00e9marre sa carri\u00e8re en tant que technicien de b\u00e2timent pour un ma\u00e7on \u00e0 Saint-Jean-de-Monts. Il est alors en charge de la conception de plans de maisons et [&hellip;]<\/p>\n","protected":false},"author":1,"featured_media":634,"parent":0,"menu_order":4,"comment_status":"closed","ping_status":"closed","template":"","meta":{"_et_pb_use_builder":"on","_et_pb_old_content":"","_et_gb_content_width":"","footnotes":""},"class_list":["post-40","page","type-page","status-publish","has-post-thumbnail","hentry"],"yoast_head":"<!-- This site is optimized with the Yoast SEO plugin v26.7 - https:\/\/yoast.com\/wordpress\/plugins\/seo\/ -->\n<title>Romain BLANCHARD et son \u00e9quipe - BLC Ma\u00eetrise d\u2019\u0153uvre<\/title>\n<meta name=\"description\" content=\"BLC Ma\u00eetrise d&#039;\u0153uvre, c\u2019est une \u00e9quipe passionn\u00e9e et soud\u00e9e de 6 personnes qui vous accompagne dans la r\u00e9alisation de vos projets immobiliers\" \/>\n<meta name=\"robots\" content=\"index, follow, max-snippet:-1, max-image-preview:large, max-video-preview:-1\" \/>\n<link rel=\"canonical\" href=\"https:\/\/www.blcmo.fr\/equipe-maitrise-oeuvre\/\" \/>\n<meta property=\"og:locale\" content=\"fr_FR\" \/>\n<meta property=\"og:type\" content=\"article\" \/>\n<meta property=\"og:title\" content=\"Romain BLANCHARD et son \u00e9quipe - BLC Ma\u00eetrise d\u2019\u0153uvre\" \/>\n<meta property=\"og:description\" content=\"BLC Ma\u00eetrise d&#039;\u0153uvre, c\u2019est une \u00e9quipe passionn\u00e9e et soud\u00e9e de 6 personnes qui vous accompagne dans la r\u00e9alisation de vos projets immobiliers\" \/>\n<meta property=\"og:url\" content=\"https:\/\/www.blcmo.fr\/equipe-maitrise-oeuvre\/\" \/>\n<meta property=\"og:site_name\" content=\"BLC Ma\u00eetrise d\u2019\u0153uvre\" \/>\n<meta property=\"article:modified_time\" content=\"2024-07-12T09:43:38+00:00\" \/>\n<meta property=\"og:image\" content=\"https:\/\/www.blcmo.fr\/wp-content\/uploads\/2022\/09\/blc_challans_noirmoutier_1200X627.jpg\" \/>\n\t<meta property=\"og:image:width\" content=\"1200\" \/>\n\t<meta property=\"og:image:height\" content=\"627\" \/>\n\t<meta property=\"og:image:type\" content=\"image\/jpeg\" \/>\n<meta name=\"twitter:card\" content=\"summary_large_image\" \/>\n<meta name=\"twitter:label1\" content=\"Dur\u00e9e de lecture estim\u00e9e\" \/>\n\t<meta name=\"twitter:data1\" content=\"4 minutes\" \/>\n<script type=\"application\/ld+json\" class=\"yoast-schema-graph\">{\"@context\":\"https:\/\/schema.org\",\"@graph\":[{\"@type\":\"WebPage\",\"@id\":\"https:\/\/www.blcmo.fr\/equipe-maitrise-oeuvre\/\",\"url\":\"https:\/\/www.blcmo.fr\/equipe-maitrise-oeuvre\/\",\"name\":\"Romain BLANCHARD et son \u00e9quipe - BLC Ma\u00eetrise d\u2019\u0153uvre\",\"isPartOf\":{\"@id\":\"https:\/\/www.blcmo.fr\/#website\"},\"primaryImageOfPage\":{\"@id\":\"https:\/\/www.blcmo.fr\/equipe-maitrise-oeuvre\/#primaryimage\"},\"image\":{\"@id\":\"https:\/\/www.blcmo.fr\/equipe-maitrise-oeuvre\/#primaryimage\"},\"thumbnailUrl\":\"https:\/\/www.blcmo.fr\/wp-content\/uploads\/2022\/09\/blc_challans_noirmoutier_1200X627.jpg\",\"datePublished\":\"2022-08-05T11:00:22+00:00\",\"dateModified\":\"2024-07-12T09:43:38+00:00\",\"description\":\"BLC Ma\u00eetrise d'\u0153uvre, c\u2019est une \u00e9quipe passionn\u00e9e et soud\u00e9e de 6 personnes qui vous accompagne dans la r\u00e9alisation de vos projets immobiliers\",\"inLanguage\":\"fr-FR\",\"potentialAction\":[{\"@type\":\"ReadAction\",\"target\":[\"https:\/\/www.blcmo.fr\/equipe-maitrise-oeuvre\/\"]}]},{\"@type\":\"ImageObject\",\"inLanguage\":\"fr-FR\",\"@id\":\"https:\/\/www.blcmo.fr\/equipe-maitrise-oeuvre\/#primaryimage\",\"url\":\"https:\/\/www.blcmo.fr\/wp-content\/uploads\/2022\/09\/blc_challans_noirmoutier_1200X627.jpg\",\"contentUrl\":\"https:\/\/www.blcmo.fr\/wp-content\/uploads\/2022\/09\/blc_challans_noirmoutier_1200X627.jpg\",\"width\":1200,\"height\":627,\"caption\":\"BLC Ma\u00eetrise d'\u0153uvre\"},{\"@type\":\"WebSite\",\"@id\":\"https:\/\/www.blcmo.fr\/#website\",\"url\":\"https:\/\/www.blcmo.fr\/\",\"name\":\"BLC Ma\u00eetrise d\u2019\u0153uvre\",\"description\":\"Ma\u00eetrise d\u2019\u0153uvre \u00e0 Challans et sur l\u2019Ile de Noirmoutier\",\"potentialAction\":[{\"@type\":\"SearchAction\",\"target\":{\"@type\":\"EntryPoint\",\"urlTemplate\":\"https:\/\/www.blcmo.fr\/?s={search_term_string}\"},\"query-input\":{\"@type\":\"PropertyValueSpecification\",\"valueRequired\":true,\"valueName\":\"search_term_string\"}}],\"inLanguage\":\"fr-FR\"}]}<\/script>\n<!-- \/ Yoast SEO plugin. -->","yoast_head_json":{"title":"Romain BLANCHARD et son \u00e9quipe - BLC Ma\u00eetrise d\u2019\u0153uvre","description":"BLC Ma\u00eetrise d'\u0153uvre, c\u2019est une \u00e9quipe passionn\u00e9e et soud\u00e9e de 6 personnes qui vous accompagne dans la r\u00e9alisation de vos projets immobiliers","robots":{"index":"index","follow":"follow","max-snippet":"max-snippet:-1","max-image-preview":"max-image-preview:large","max-video-preview":"max-video-preview:-1"},"canonical":"https:\/\/www.blcmo.fr\/equipe-maitrise-oeuvre\/","og_locale":"fr_FR","og_type":"article","og_title":"Romain BLANCHARD et son \u00e9quipe - BLC Ma\u00eetrise d\u2019\u0153uvre","og_description":"BLC Ma\u00eetrise d'\u0153uvre, c\u2019est une \u00e9quipe passionn\u00e9e et soud\u00e9e de 6 personnes qui vous accompagne dans la r\u00e9alisation de vos projets immobiliers","og_url":"https:\/\/www.blcmo.fr\/equipe-maitrise-oeuvre\/","og_site_name":"BLC Ma\u00eetrise d\u2019\u0153uvre","article_modified_time":"2024-07-12T09:43:38+00:00","og_image":[{"width":1200,"height":627,"url":"https:\/\/www.blcmo.fr\/wp-content\/uploads\/2022\/09\/blc_challans_noirmoutier_1200X627.jpg","type":"image\/jpeg"}],"twitter_card":"summary_large_image","twitter_misc":{"Dur\u00e9e de lecture estim\u00e9e":"4 minutes"},"schema":{"@context":"https:\/\/schema.org","@graph":[{"@type":"WebPage","@id":"https:\/\/www.blcmo.fr\/equipe-maitrise-oeuvre\/","url":"https:\/\/www.blcmo.fr\/equipe-maitrise-oeuvre\/","name":"Romain BLANCHARD et son \u00e9quipe - BLC Ma\u00eetrise d\u2019\u0153uvre","isPartOf":{"@id":"https:\/\/www.blcmo.fr\/#website"},"primaryImageOfPage":{"@id":"https:\/\/www.blcmo.fr\/equipe-maitrise-oeuvre\/#primaryimage"},"image":{"@id":"https:\/\/www.blcmo.fr\/equipe-maitrise-oeuvre\/#primaryimage"},"thumbnailUrl":"https:\/\/www.blcmo.fr\/wp-content\/uploads\/2022\/09\/blc_challans_noirmoutier_1200X627.jpg","datePublished":"2022-08-05T11:00:22+00:00","dateModified":"2024-07-12T09:43:38+00:00","description":"BLC Ma\u00eetrise d'\u0153uvre, c\u2019est une \u00e9quipe passionn\u00e9e et soud\u00e9e de 6 personnes qui vous accompagne dans la r\u00e9alisation de vos projets immobiliers","inLanguage":"fr-FR","potentialAction":[{"@type":"ReadAction","target":["https:\/\/www.blcmo.fr\/equipe-maitrise-oeuvre\/"]}]},{"@type":"ImageObject","inLanguage":"fr-FR","@id":"https:\/\/www.blcmo.fr\/equipe-maitrise-oeuvre\/#primaryimage","url":"https:\/\/www.blcmo.fr\/wp-content\/uploads\/2022\/09\/blc_challans_noirmoutier_1200X627.jpg","contentUrl":"https:\/\/www.blcmo.fr\/wp-content\/uploads\/2022\/09\/blc_challans_noirmoutier_1200X627.jpg","width":1200,"height":627,"caption":"BLC Ma\u00eetrise d'\u0153uvre"},{"@type":"WebSite","@id":"https:\/\/www.blcmo.fr\/#website","url":"https:\/\/www.blcmo.fr\/","name":"BLC Ma\u00eetrise d\u2019\u0153uvre","description":"Ma\u00eetrise d\u2019\u0153uvre \u00e0 Challans et sur l\u2019Ile de Noirmoutier","potentialAction":[{"@type":"SearchAction","target":{"@type":"EntryPoint","urlTemplate":"https:\/\/www.blcmo.fr\/?s={search_term_string}"},"query-input":{"@type":"PropertyValueSpecification","valueRequired":true,"valueName":"search_term_string"}}],"inLanguage":"fr-FR"}]}},"_links":{"self":[{"href":"https:\/\/www.blcmo.fr\/api\/wp\/v2\/pages\/40","targetHints":{"allow":["GET"]}}],"collection":[{"href":"https:\/\/www.blcmo.fr\/api\/wp\/v2\/pages"}],"about":[{"href":"https:\/\/www.blcmo.fr\/api\/wp\/v2\/types\/page"}],"author":[{"embeddable":true,"href":"https:\/\/www.blcmo.fr\/api\/wp\/v2\/users\/1"}],"replies":[{"embeddable":true,"href":"https:\/\/www.blcmo.fr\/api\/wp\/v2\/comments?post=40"}],"version-history":[{"count":47,"href":"https:\/\/www.blcmo.fr\/api\/wp\/v2\/pages\/40\/revisions"}],"predecessor-version":[{"id":762,"href":"https:\/\/www.blcmo.fr\/api\/wp\/v2\/pages\/40\/revisions\/762"}],"wp:featuredmedia":[{"embeddable":true,"href":"https:\/\/www.blcmo.fr\/api\/wp\/v2\/media\/634"}],"wp:attachment":[{"href":"https:\/\/www.blcmo.fr\/api\/wp\/v2\/media?parent=40"}],"curies":[{"name":"wp","href":"https:\/\/api.w.org\/{rel}","templated":true}]}}