{"id":1020,"date":"2024-11-04T09:10:35","date_gmt":"2024-11-04T08:10:35","guid":{"rendered":"https:\/\/www.blcmo.fr\/?post_type=project&#038;p=1020"},"modified":"2024-11-04T09:12:02","modified_gmt":"2024-11-04T08:12:02","slug":"extension-maison-individuelle-noirmoutier","status":"publish","type":"project","link":"https:\/\/www.blcmo.fr\/realisations\/extension-maison-individuelle-noirmoutier\/","title":{"rendered":"Extension d\u2019une maison individuelle sur l\u2019\u00eele de Noirmoutier"},"content":{"rendered":"<p>[et_pb_section fb_built=\u00a0\u00bb1&Prime; _builder_version=\u00a0\u00bb4.16&Prime; locked=\u00a0\u00bboff\u00a0\u00bb global_colors_info=\u00a0\u00bb{}\u00a0\u00bb][et_pb_row _builder_version=\u00a0\u00bb4.16&Prime; background_size=\u00a0\u00bbinitial\u00a0\u00bb background_position=\u00a0\u00bbtop_left\u00a0\u00bb background_repeat=\u00a0\u00bbrepeat\u00a0\u00bb global_colors_info=\u00a0\u00bb{}\u00a0\u00bb][et_pb_column type=\u00a0\u00bb4_4&Prime; _builder_version=\u00a0\u00bb4.16&Prime; custom_padding=\u00a0\u00bb|||\u00a0\u00bb global_colors_info=\u00a0\u00bb{}\u00a0\u00bb custom_padding__hover=\u00a0\u00bb|||\u00a0\u00bb][et_pb_text _builder_version=\u00a0\u00bb4.27.2&Prime; background_size=\u00a0\u00bbinitial\u00a0\u00bb background_position=\u00a0\u00bbtop_left\u00a0\u00bb background_repeat=\u00a0\u00bbrepeat\u00a0\u00bb global_colors_info=\u00a0\u00bb{}\u00a0\u00bb]<\/p>\n<p><strong><i>BLC Ma\u00eetrise d\u2019Oeuvre a port\u00e9 un projet d\u2019extension d\u2019une maison individuelle sur l\u2019\u00cele de Noirmoutier.<\/i><\/strong><\/p>\n<h2>Description de l\u2019extension d\u2019une maison individuelle<\/h2>\n<h3>Un agrandissement dans la continuit\u00e9 de l\u2019existant<\/h3>\n<p><span style=\"font-weight: 400;\">Le projet prend en compte la cr\u00e9ation d\u2019une extension de maison individuelle de type traditionnel sur l\u2019\u00cele de Noirmoutier. L\u2019id\u00e9e \u00e9tait de proposer un agrandissement en rez-de-chauss\u00e9e, dans la continuit\u00e9 du s\u00e9jour existant. La pi\u00e8ce de vie, ainsi agrandie, ouvre d\u00e9sormais sur une partie nuit avec chambre et salle de bain int\u00e9gr\u00e9e.\u00a0\u00a0\u00a0<\/span><\/p>\n<p><span style=\"font-weight: 400;\">Cette extension reprend les caract\u00e9ristiques typiques des maisons traditionnelles :\u00a0<\/span><\/p>\n<ul>\n<li style=\"font-weight: 400;\" aria-level=\"1\"><span style=\"font-weight: 400;\">murs en parpaings enduits,<\/span><\/li>\n<li style=\"font-weight: 400;\" aria-level=\"1\"><span style=\"font-weight: 400;\">chemin\u00e9e traditionnelle massive (ajout d\u2019un po\u00eale dans le nouveau salon)<\/span><\/li>\n<li style=\"font-weight: 400;\" aria-level=\"1\"><span style=\"font-weight: 400;\">tuiles classiques avec d\u00e9bord de toit en pierre,<\/span><\/li>\n<\/ul>\n<p><span style=\"font-weight: 400;\">Le projet avan\u00e7ant, c\u2019est finalement l\u2019ensemble de l\u2019habitation qui a \u00e9t\u00e9 r\u00e9nov\u00e9. La maison a \u00e9t\u00e9 isol\u00e9e dans son int\u00e9gralit\u00e9 afin d\u2019offrir un meilleur confort \u00e0 ses occupants.\u00a0 Des menuiseries en alu fonc\u00e9 ainsi que des volets en bois vert ont \u00e9t\u00e9 ajout\u00e9s. Ces \u00e9l\u00e9ments conf\u00e8rent \u00e0 la demeure un aspect moderne et color\u00e9 tout en conservant le cachet traditionnel des maisons de l\u2019\u00eele vend\u00e9enne.\u00a0<\/span><\/p>\n<p><span style=\"font-weight: 400;\">A l\u2019ext\u00e9rieur, une terrasse en bois clair a \u00e9t\u00e9 install\u00e9e sur toute la longueur de la b\u00e2tisse. Elle offre diff\u00e9rents espaces et souligne avec go\u00fbt le style authentique de cette maison individuelle agrandie.\u00a0<\/span><\/p>\n<h2>\u00c9tapes de r\u00e9alisation<\/h2>\n<ol>\n<li style=\"font-weight: 400;\" aria-level=\"2\"><span style=\"font-weight: 400;\">1<\/span><span style=\"font-weight: 400;\">er<\/span><span style=\"font-weight: 400;\"> contact avec le client<\/span><\/li>\n<li style=\"font-weight: 400;\" aria-level=\"2\"><span style=\"font-weight: 400;\">Cr\u00e9ation d\u2019une esquisse suite au cahier des charges r\u00e9alis\u00e9<\/span><\/li>\n<li style=\"font-weight: 400;\" aria-level=\"2\"><span style=\"font-weight: 400;\">D\u00e9p\u00f4t du Permis de Construire<\/span><\/li>\n<li style=\"font-weight: 400;\" aria-level=\"2\"><span style=\"font-weight: 400;\">Demande de devis aupr\u00e8s d\u2019artisans locaux<\/span><\/li>\n<li style=\"font-weight: 400;\" aria-level=\"2\"><span style=\"font-weight: 400;\">Signature des devis et d\u00e9marrage des travaux<\/span><\/li>\n<li style=\"font-weight: 400;\" aria-level=\"2\"><span style=\"font-weight: 400;\">Suivi des travaux (r\u00e9unions et CR de chantier hebdomadaires)<\/span><\/li>\n<li style=\"font-weight: 400;\" aria-level=\"2\"><span style=\"font-weight: 400;\">R\u00e9ception des travaux et signature du Proc\u00e8s Verbal<\/span><\/li>\n<li style=\"font-weight: 400;\" aria-level=\"2\"><span style=\"font-weight: 400;\">Remise des cl\u00e9s au client<\/span><\/li>\n<\/ol>\n<h2>D\u00e9tails techniques de la maison traditionnelle<\/h2>\n<p><span style=\"color: #eb681e;\">Ma\u00eetrise d\u2019oeuvre<\/span><span style=\"font-weight: 400;\"><span style=\"color: #eb681e;\"> :<\/span> BLC Ma\u00eetrise d\u2019Oeuvre<br \/><\/span><span style=\"color: #eb681e;\">Typologie<\/span><span style=\"font-weight: 400;\"><span style=\"color: #eb681e;\"> :<\/span> extension et r\u00e9novation d\u2019une maison individuelle<br \/><\/span><span style=\"color: #eb681e;\">Localisation<\/span><span style=\"font-weight: 400;\"><span style=\"color: #eb681e;\"> :<\/span> \u00eele de Noirmoutier<br \/><\/span><span style=\"color: #eb681e;\">D\u00e9lais de r\u00e9alisation<\/span><span style=\"font-weight: 400;\"><span style=\"color: #eb681e;\"> : <\/span>1 an<\/span><\/p>\n<h2>Artisans partenaires<\/h2>\n<p><span style=\"color: #eb681e;\">GO, Couverture, enduits<\/span><span style=\"font-weight: 400;\"><span style=\"color: #eb681e;\"> :<\/span> MATHE AC<br \/><\/span><span style=\"color: #eb681e;\">Charpente, menuiseries ext\u00e9rieures et int\u00e9rieures<\/span><span style=\"font-weight: 400;\"><span style=\"color: #eb681e;\">\u00a0:<\/span> MENUISER&rsquo;ILE<br \/><\/span><span style=\"color: #eb681e;\">Pl\u00e2trerie, isolation<\/span><span style=\"font-weight: 400;\"><span style=\"color: #eb681e;\"> :<\/span> BILLON-PAYRAUDEAU<br \/><\/span><span style=\"color: #eb681e;\">Carrelage<\/span><span style=\"font-weight: 400;\"><span style=\"color: #eb681e;\">\u00a0:<\/span> BERNARD K\u00c9VIN<br \/><\/span><span style=\"color: #eb681e;\">Peinture<\/span><span style=\"font-weight: 400;\"><span style=\"color: #eb681e;\">\u00a0:<\/span> DESSAUDE Peinture<br \/><\/span><span style=\"color: #eb681e;\">\u00c9lectricit\u00e9<\/span><span style=\"font-weight: 400;\"><span style=\"color: #eb681e;\">\u00a0:<\/span> MAUSSION \u00c9LECTRICIT\u00c9<br \/><span style=\"color: #eb681e;\">Plomberie<\/span><span style=\"color: #eb681e;\">\u00a0:<\/span> GAUTIER CARRE<br \/><\/span><span style=\"font-weight: 400;\"><span style=\"color: #eb681e;\">Cheministe<\/span><span style=\"color: #eb681e;\">\u00a0:<\/span> SAS GAUVRIT<\/span><\/p>\n<p><span style=\"font-weight: 400;\">\u00a0<\/span><\/p>\n<h2>Galerie Photos<\/h2>\n<p>[\/et_pb_text][et_pb_gallery gallery_ids=\u00a0\u00bb1027,1028,1029,1030,1031,1032,1033,1034,1035,1036,1037,1038,1039,1040,1041,1042,1043,1044,1045,1046,1047,1048,1049,1050,1051,1052,1053,1054,1055,1056,1057,1058,1059,1060,1061,1062,1063,1064,1065,1066,1067,1068&Prime; fullwidth=\u00a0\u00bbon\u00a0\u00bb _builder_version=\u00a0\u00bb4.27.2&Prime; _module_preset=\u00a0\u00bbdefault\u00a0\u00bb global_colors_info=\u00a0\u00bb{}\u00a0\u00bb][\/et_pb_gallery][\/et_pb_column][\/et_pb_row][\/et_pb_section]<\/p>\n","protected":false},"excerpt":{"rendered":"<p>BLC Ma\u00eetrise d\u2019Oeuvre a port\u00e9 un projet d\u2019extension d\u2019une maison individuelle sur l\u2019\u00cele de Noirmoutier. Description de l\u2019extension d\u2019une maison individuelle Un agrandissement dans la continuit\u00e9 de l\u2019existant Le projet prend en compte la cr\u00e9ation d\u2019une extension de maison individuelle de type traditionnel sur l\u2019\u00cele de Noirmoutier. L\u2019id\u00e9e \u00e9tait de proposer un agrandissement en rez-de-chauss\u00e9e, [&hellip;]<\/p>\n","protected":false},"author":1,"featured_media":1028,"comment_status":"closed","ping_status":"closed","template":"","meta":{"_et_pb_use_builder":"on","_et_pb_old_content":"<p><strong><i>BLC Ma\u00eetrise d\u2019Oeuvre a dirig\u00e9 la construction d\u2019une maison plain pied sur l\u2019\u00eele de Noirmoutier.<\/i><\/strong><\/p><h2>Description de la maison plain pied \u00e0 Noirmoutier<\/h2><h3>Une construction traditionnelle au style tr\u00e8s moderne<\/h3><p><span style=\"font-weight: 400;\">Le projet comprend une habitation individuelle construite sur terrain nu, dont les abords ont \u00e9t\u00e9 v\u00e9g\u00e9talis\u00e9s. L\u2019orientation de la maison a \u00e9t\u00e9 pens\u00e9e en fonction de l\u2019ensoleillement afin d\u2019offrir un maximum de luminosit\u00e9 aux pi\u00e8ces de vie en journ\u00e9e.\u00a0<\/span><\/p><p><span style=\"font-weight: 400;\">Cette maison neuve pr\u00e9sente toutes les caract\u00e9ristiques d\u2019une habitation traditionnelle vend\u00e9enne, avec :\u00a0<\/span><\/p><ul><li><span style=\"font-weight: 400;\">murs en parpaings avec enduits,<\/span><\/li><li style=\"font-weight: 400;\" aria-level=\"1\"><span style=\"font-weight: 400;\">rev\u00eatements en pierre,<\/span><\/li><li style=\"font-weight: 400;\" aria-level=\"1\"><span style=\"font-weight: 400;\">tuiles classiques avec d\u00e9bord de toit en pierre,<\/span><\/li><li style=\"font-weight: 400;\" aria-level=\"1\"><span style=\"font-weight: 400;\">chemin\u00e9e massive.<\/span><\/li><\/ul><p><span style=\"font-weight: 400;\">La b\u00e2tisse se compose d\u2019un simple rez-de-chauss\u00e9e. Celui-ci est l\u00e9g\u00e8rement sur\u00e9lev\u00e9 afin de maximiser les volumes int\u00e9rieurs tout en respectant les demandes de hauteur du client. Le plan en U permet une bonne organisation des espaces : une partie jour au centre et une partie nuit sur les ailes de maison. De larges baies vitr\u00e9es offrent un acc\u00e8s direct au jardin clos depuis les pi\u00e8ces principales (cuisine\/s\u00e9jour, chambres, bureau).\u00a0<\/span><\/p><p><span style=\"font-weight: 400;\">A l\u2019ext\u00e9rieur, les fa\u00e7ades blanches et les menuiseries en alu de couleurs apportent de la modernit\u00e9 \u00e0 cette maison plain pied situ\u00e9e \u00e0 Noirmoutier. Des volets en bois ont \u00e9t\u00e9 install\u00e9s afin de donner du cachet \u00e0 l\u2019habitation et conserver une coh\u00e9rence urbanistique.\u00a0<\/span><\/p><p><span style=\"font-weight: 400;\">Enfin, une terrasse en dalles grise ainsi qu\u2019un pr\u00e9au modulable prolongent la construction c\u00f4t\u00e9 jardin.<\/span><\/p><p>\u00a0<\/p><h2>\u00c9tapes de r\u00e9alisation<\/h2><ol><li style=\"font-weight: 400;\" aria-level=\"2\"><span style=\"font-weight: 400;\">1<\/span><span style=\"font-weight: 400;\"><sup>er<\/sup><\/span><span style=\"font-weight: 400;\"> contact avec le client<\/span><\/li><li style=\"font-weight: 400;\" aria-level=\"2\"><span style=\"font-weight: 400;\">Cr\u00e9ation d\u2019une esquisse suite au cahier des charges r\u00e9alis\u00e9<\/span><\/li><li style=\"font-weight: 400;\" aria-level=\"2\"><span style=\"font-weight: 400;\">D\u00e9p\u00f4t du Permis de Construire<\/span><\/li><li style=\"font-weight: 400;\" aria-level=\"2\"><span style=\"font-weight: 400;\">Demande de devis aupr\u00e8s d\u2019artisans locaux<\/span><\/li><li style=\"font-weight: 400;\" aria-level=\"2\"><span style=\"font-weight: 400;\">Signature des devis et d\u00e9marrage des travaux<\/span><\/li><li style=\"font-weight: 400;\" aria-level=\"2\"><span style=\"font-weight: 400;\">Suivi des travaux (r\u00e9unions et CR de chantier hebdomadaires)<\/span><\/li><li style=\"font-weight: 400;\" aria-level=\"2\"><span style=\"font-weight: 400;\">R\u00e9ception des travaux et signature du Proc\u00e8s Verbal<\/span><\/li><li style=\"font-weight: 400;\" aria-level=\"2\"><span style=\"font-weight: 400;\">Remise des cl\u00e9s au client<\/span><\/li><\/ol><h2>\u00a0<\/h2><h2>D\u00e9tails techniques de la maison traditionnelle<\/h2><p><span style=\"color: #eb681e;\">Ma\u00eetrise d\u2019oeuvre<\/span><span style=\"font-weight: 400;\"><span style=\"color: #eb681e;\"> :<\/span> BLC Ma\u00eetrise d\u2019Oeuvre<br \/><\/span><span style=\"color: #eb681e;\">Typologie<\/span><span style=\"font-weight: 400;\"><span style=\"color: #eb681e;\"> :<\/span> maison plain pied<br \/><\/span><span style=\"color: #eb681e;\">Localisation<\/span><span style=\"font-weight: 400;\"><span style=\"color: #eb681e;\"> :<\/span> \u00eele de Noirmoutier<br \/><\/span><span style=\"color: #eb681e;\">D\u00e9lais de r\u00e9alisation<\/span><span style=\"font-weight: 400;\"><span style=\"color: #eb681e;\"> : <\/span>1 an<\/span><\/p><h2>\u00a0<\/h2><h2>Artisans partenaires<\/h2><p><span style=\"color: #eb681e;\">GO, Couverture, enduits<\/span><span style=\"font-weight: 400;\"><span style=\"color: #eb681e;\"> :<\/span> COUTON CONSTRUCTION<br \/><\/span><span style=\"color: #eb681e;\">Charpente, menuiseries ext\u00e9rieures<\/span><span style=\"font-weight: 400;\"><span style=\"color: #eb681e;\">\u00a0:<\/span> SARL GAUTIER<br \/><\/span><span style=\"color: #eb681e;\">Cloisons s\u00e8ches<\/span><span style=\"font-weight: 400;\"><span style=\"color: #eb681e;\"> :<\/span> SARL PARADIS P\u00c8RE ET FILS<br \/><\/span><span style=\"color: #eb681e;\">Carrelage, fa\u00efence<\/span><span style=\"font-weight: 400;\"><span style=\"color: #eb681e;\"> :<\/span> SIMON CARRELAGE<br \/><\/span><span style=\"color: #eb681e;\">Peintures<\/span><span style=\"font-weight: 400;\"><span style=\"color: #eb681e;\"> :<\/span> SARL GAUVRIT JEAN-LUC<br \/><\/span><span style=\"color: #eb681e;\">Electricit\u00e9, plomberie et sanitaires<\/span><span style=\"font-weight: 400;\"><span style=\"color: #eb681e;\"> :<\/span> SARL SOUCHET BRUNO<\/span><\/p><h2>\u00a0<\/h2><h2>Galerie Photos<\/h2><p>[gallery columns=\"4\" link=\"file\" size=\"medium\" ids=\"791,792,793,794,795,796,797,798,799,800,801,802,803,804,805,806,807,808,809,810,811,812,813,814,815,816,817,818,819,820\"]<\/p>","_et_gb_content_width":"","footnotes":""},"project_category":[],"project_tag":[16],"class_list":["post-1020","project","type-project","status-publish","has-post-thumbnail","hentry","project_tag-16"],"yoast_head":"<!-- This site is optimized with the Yoast SEO plugin v26.7 - https:\/\/yoast.com\/wordpress\/plugins\/seo\/ -->\n<title>Extensions d\u2019une maison individuelle \u00e0 Noirmoutier<\/title>\n<meta name=\"description\" content=\"BLC Ma\u00eetrise d\u2019Oeuvre a supervis\u00e9 l\u2019extension d\u2019une maison individuelle sur l\u2019\u00eele de Noirmoutier.\" \/>\n<meta name=\"robots\" content=\"index, follow, max-snippet:-1, max-image-preview:large, max-video-preview:-1\" \/>\n<link rel=\"canonical\" href=\"https:\/\/www.blcmo.fr\/realisations\/extension-maison-individuelle-noirmoutier\/\" \/>\n<meta property=\"og:locale\" content=\"fr_FR\" \/>\n<meta property=\"og:type\" content=\"article\" \/>\n<meta property=\"og:title\" content=\"Extensions d\u2019une maison individuelle \u00e0 Noirmoutier\" \/>\n<meta property=\"og:description\" content=\"BLC Ma\u00eetrise d\u2019Oeuvre a supervis\u00e9 l\u2019extension d\u2019une maison individuelle sur l\u2019\u00eele de Noirmoutier.\" \/>\n<meta property=\"og:url\" content=\"https:\/\/www.blcmo.fr\/realisations\/extension-maison-individuelle-noirmoutier\/\" \/>\n<meta property=\"og:site_name\" content=\"BLC Ma\u00eetrise d\u2019\u0153uvre\" \/>\n<meta property=\"article:modified_time\" content=\"2024-11-04T08:12:02+00:00\" \/>\n<meta property=\"og:image\" content=\"https:\/\/www.blcmo.fr\/wp-content\/uploads\/2024\/11\/4-BLC-maitrise-oeuvre-noirmoutier_MGL4285.jpg\" \/>\n\t<meta property=\"og:image:width\" content=\"1139\" \/>\n\t<meta property=\"og:image:height\" content=\"759\" \/>\n\t<meta property=\"og:image:type\" content=\"image\/jpeg\" \/>\n<meta name=\"twitter:card\" content=\"summary_large_image\" \/>\n<meta name=\"twitter:label1\" content=\"Dur\u00e9e de lecture estim\u00e9e\" \/>\n\t<meta name=\"twitter:data1\" content=\"11 minutes\" \/>\n<script type=\"application\/ld+json\" class=\"yoast-schema-graph\">{\"@context\":\"https:\/\/schema.org\",\"@graph\":[{\"@type\":\"WebPage\",\"@id\":\"https:\/\/www.blcmo.fr\/realisations\/extension-maison-individuelle-noirmoutier\/\",\"url\":\"https:\/\/www.blcmo.fr\/realisations\/extension-maison-individuelle-noirmoutier\/\",\"name\":\"Extensions d\u2019une maison individuelle \u00e0 Noirmoutier\",\"isPartOf\":{\"@id\":\"https:\/\/www.blcmo.fr\/#website\"},\"primaryImageOfPage\":{\"@id\":\"https:\/\/www.blcmo.fr\/realisations\/extension-maison-individuelle-noirmoutier\/#primaryimage\"},\"image\":{\"@id\":\"https:\/\/www.blcmo.fr\/realisations\/extension-maison-individuelle-noirmoutier\/#primaryimage\"},\"thumbnailUrl\":\"https:\/\/www.blcmo.fr\/wp-content\/uploads\/2024\/11\/4-BLC-maitrise-oeuvre-noirmoutier_MGL4285.jpg\",\"datePublished\":\"2024-11-04T08:10:35+00:00\",\"dateModified\":\"2024-11-04T08:12:02+00:00\",\"description\":\"BLC Ma\u00eetrise d\u2019Oeuvre a supervis\u00e9 l\u2019extension d\u2019une maison individuelle sur l\u2019\u00eele de Noirmoutier.\",\"breadcrumb\":{\"@id\":\"https:\/\/www.blcmo.fr\/realisations\/extension-maison-individuelle-noirmoutier\/#breadcrumb\"},\"inLanguage\":\"fr-FR\",\"potentialAction\":[{\"@type\":\"ReadAction\",\"target\":[\"https:\/\/www.blcmo.fr\/realisations\/extension-maison-individuelle-noirmoutier\/\"]}]},{\"@type\":\"ImageObject\",\"inLanguage\":\"fr-FR\",\"@id\":\"https:\/\/www.blcmo.fr\/realisations\/extension-maison-individuelle-noirmoutier\/#primaryimage\",\"url\":\"https:\/\/www.blcmo.fr\/wp-content\/uploads\/2024\/11\/4-BLC-maitrise-oeuvre-noirmoutier_MGL4285.jpg\",\"contentUrl\":\"https:\/\/www.blcmo.fr\/wp-content\/uploads\/2024\/11\/4-BLC-maitrise-oeuvre-noirmoutier_MGL4285.jpg\",\"width\":1139,\"height\":759},{\"@type\":\"BreadcrumbList\",\"@id\":\"https:\/\/www.blcmo.fr\/realisations\/extension-maison-individuelle-noirmoutier\/#breadcrumb\",\"itemListElement\":[{\"@type\":\"ListItem\",\"position\":1,\"name\":\"Projets\",\"item\":\"https:\/\/www.blcmo.fr\/project\/\"},{\"@type\":\"ListItem\",\"position\":2,\"name\":\"Extension d\u2019une maison individuelle sur l\u2019\u00eele de Noirmoutier\"}]},{\"@type\":\"WebSite\",\"@id\":\"https:\/\/www.blcmo.fr\/#website\",\"url\":\"https:\/\/www.blcmo.fr\/\",\"name\":\"BLC Ma\u00eetrise d\u2019\u0153uvre\",\"description\":\"Ma\u00eetrise d\u2019\u0153uvre \u00e0 Challans et sur l\u2019Ile de Noirmoutier\",\"potentialAction\":[{\"@type\":\"SearchAction\",\"target\":{\"@type\":\"EntryPoint\",\"urlTemplate\":\"https:\/\/www.blcmo.fr\/?s={search_term_string}\"},\"query-input\":{\"@type\":\"PropertyValueSpecification\",\"valueRequired\":true,\"valueName\":\"search_term_string\"}}],\"inLanguage\":\"fr-FR\"}]}<\/script>\n<!-- \/ Yoast SEO plugin. -->","yoast_head_json":{"title":"Extensions d\u2019une maison individuelle \u00e0 Noirmoutier","description":"BLC Ma\u00eetrise d\u2019Oeuvre a supervis\u00e9 l\u2019extension d\u2019une maison individuelle sur l\u2019\u00eele de Noirmoutier.","robots":{"index":"index","follow":"follow","max-snippet":"max-snippet:-1","max-image-preview":"max-image-preview:large","max-video-preview":"max-video-preview:-1"},"canonical":"https:\/\/www.blcmo.fr\/realisations\/extension-maison-individuelle-noirmoutier\/","og_locale":"fr_FR","og_type":"article","og_title":"Extensions d\u2019une maison individuelle \u00e0 Noirmoutier","og_description":"BLC Ma\u00eetrise d\u2019Oeuvre a supervis\u00e9 l\u2019extension d\u2019une maison individuelle sur l\u2019\u00eele de Noirmoutier.","og_url":"https:\/\/www.blcmo.fr\/realisations\/extension-maison-individuelle-noirmoutier\/","og_site_name":"BLC Ma\u00eetrise d\u2019\u0153uvre","article_modified_time":"2024-11-04T08:12:02+00:00","og_image":[{"width":1139,"height":759,"url":"https:\/\/www.blcmo.fr\/wp-content\/uploads\/2024\/11\/4-BLC-maitrise-oeuvre-noirmoutier_MGL4285.jpg","type":"image\/jpeg"}],"twitter_card":"summary_large_image","twitter_misc":{"Dur\u00e9e de lecture estim\u00e9e":"11 minutes"},"schema":{"@context":"https:\/\/schema.org","@graph":[{"@type":"WebPage","@id":"https:\/\/www.blcmo.fr\/realisations\/extension-maison-individuelle-noirmoutier\/","url":"https:\/\/www.blcmo.fr\/realisations\/extension-maison-individuelle-noirmoutier\/","name":"Extensions d\u2019une maison individuelle \u00e0 Noirmoutier","isPartOf":{"@id":"https:\/\/www.blcmo.fr\/#website"},"primaryImageOfPage":{"@id":"https:\/\/www.blcmo.fr\/realisations\/extension-maison-individuelle-noirmoutier\/#primaryimage"},"image":{"@id":"https:\/\/www.blcmo.fr\/realisations\/extension-maison-individuelle-noirmoutier\/#primaryimage"},"thumbnailUrl":"https:\/\/www.blcmo.fr\/wp-content\/uploads\/2024\/11\/4-BLC-maitrise-oeuvre-noirmoutier_MGL4285.jpg","datePublished":"2024-11-04T08:10:35+00:00","dateModified":"2024-11-04T08:12:02+00:00","description":"BLC Ma\u00eetrise d\u2019Oeuvre a supervis\u00e9 l\u2019extension d\u2019une maison individuelle sur l\u2019\u00eele de Noirmoutier.","breadcrumb":{"@id":"https:\/\/www.blcmo.fr\/realisations\/extension-maison-individuelle-noirmoutier\/#breadcrumb"},"inLanguage":"fr-FR","potentialAction":[{"@type":"ReadAction","target":["https:\/\/www.blcmo.fr\/realisations\/extension-maison-individuelle-noirmoutier\/"]}]},{"@type":"ImageObject","inLanguage":"fr-FR","@id":"https:\/\/www.blcmo.fr\/realisations\/extension-maison-individuelle-noirmoutier\/#primaryimage","url":"https:\/\/www.blcmo.fr\/wp-content\/uploads\/2024\/11\/4-BLC-maitrise-oeuvre-noirmoutier_MGL4285.jpg","contentUrl":"https:\/\/www.blcmo.fr\/wp-content\/uploads\/2024\/11\/4-BLC-maitrise-oeuvre-noirmoutier_MGL4285.jpg","width":1139,"height":759},{"@type":"BreadcrumbList","@id":"https:\/\/www.blcmo.fr\/realisations\/extension-maison-individuelle-noirmoutier\/#breadcrumb","itemListElement":[{"@type":"ListItem","position":1,"name":"Projets","item":"https:\/\/www.blcmo.fr\/project\/"},{"@type":"ListItem","position":2,"name":"Extension d\u2019une maison individuelle sur l\u2019\u00eele de Noirmoutier"}]},{"@type":"WebSite","@id":"https:\/\/www.blcmo.fr\/#website","url":"https:\/\/www.blcmo.fr\/","name":"BLC Ma\u00eetrise d\u2019\u0153uvre","description":"Ma\u00eetrise d\u2019\u0153uvre \u00e0 Challans et sur l\u2019Ile de Noirmoutier","potentialAction":[{"@type":"SearchAction","target":{"@type":"EntryPoint","urlTemplate":"https:\/\/www.blcmo.fr\/?s={search_term_string}"},"query-input":{"@type":"PropertyValueSpecification","valueRequired":true,"valueName":"search_term_string"}}],"inLanguage":"fr-FR"}]}},"_links":{"self":[{"href":"https:\/\/www.blcmo.fr\/api\/wp\/v2\/project\/1020","targetHints":{"allow":["GET"]}}],"collection":[{"href":"https:\/\/www.blcmo.fr\/api\/wp\/v2\/project"}],"about":[{"href":"https:\/\/www.blcmo.fr\/api\/wp\/v2\/types\/project"}],"author":[{"embeddable":true,"href":"https:\/\/www.blcmo.fr\/api\/wp\/v2\/users\/1"}],"replies":[{"embeddable":true,"href":"https:\/\/www.blcmo.fr\/api\/wp\/v2\/comments?post=1020"}],"version-history":[{"count":6,"href":"https:\/\/www.blcmo.fr\/api\/wp\/v2\/project\/1020\/revisions"}],"predecessor-version":[{"id":1072,"href":"https:\/\/www.blcmo.fr\/api\/wp\/v2\/project\/1020\/revisions\/1072"}],"wp:featuredmedia":[{"embeddable":true,"href":"https:\/\/www.blcmo.fr\/api\/wp\/v2\/media\/1028"}],"wp:attachment":[{"href":"https:\/\/www.blcmo.fr\/api\/wp\/v2\/media?parent=1020"}],"wp:term":[{"taxonomy":"project_category","embeddable":true,"href":"https:\/\/www.blcmo.fr\/api\/wp\/v2\/project_category?post=1020"},{"taxonomy":"project_tag","embeddable":true,"href":"https:\/\/www.blcmo.fr\/api\/wp\/v2\/project_tag?post=1020"}],"curies":[{"name":"wp","href":"https:\/\/api.w.org\/{rel}","templated":true}]}}